{"id":11023,"date":"2020-04-21T14:33:17","date_gmt":"2020-04-21T14:33:17","guid":{"rendered":"https:\/\/yucatantravel.epconsulting.mx\/yucatan-frente-al-covid\/"},"modified":"2022-01-20T17:04:33","modified_gmt":"2022-01-20T17:04:33","slug":"yucatan-frente-al-covid","status":"publish","type":"page","link":"https:\/\/yucatan.travel\/fr\/yucatan-frente-al-covid\/","title":{"rendered":"Yucatan face au Covid-19"},"content":{"rendered":"<section class=\"fw-main-row \"  >\n\t<div class=\"fw-container on-sidebar\"  style=\"\" id=\"section-xibalba-y-chichen\" data-title=\"Xibalb\u00e1 y Chich\u00e9n \">\n\t\t<div class=\"fw-row\">\n\t<div class=\"fw-col-xs-12\" style=\"box-sizing:border-box;\">\n\t<div class=\"fw-heading fw-heading-h3 \">\n\t\t<h3 class='fw-special-title title'>Yucat\u00e1n frente al Covid-19<\/h3>\t<\/div><\/div><\/div>\n\n<div class=\"fw-row\">\n\t<div class=\"fw-col-xs-12\" style=\"box-sizing:border-box;\">\n\t<p>Face \u00e0 la crise globale du Covid-19, le Gouvernement de l\u2019\u00c9tat du Yucat\u00e1n a mis en place plusieurs actions qui ont pour objectif principal la pr\u00e9servation de la sant\u00e9 de tous les Yucat\u00e8ques.<\/p><p>\u00c0 cet \u00e9gard, afin de r\u00e9duire le nombre de contagions du Coronavirus, le Gouverneur Mauricio Vila Dosal a annonc\u00e9 la mise en \u0153uvre de nouvelles mesures pour prot\u00e9ger la sant\u00e9 de tous, entr\u00e9es en vigueur depuis le d\u00e9but du mois de mars 2020.<\/p><p>Toutefois, la complexit\u00e9 de cette crise a atteint des domaines qui vont au-del\u00e0 de la sant\u00e9; cette crise \u00e0 dimensions mondiales constitue une grave menace pour de nombreux secteurs productifs, y compris le tourisme, bien connu pour \u00eatre un puissant moteur de d\u00e9veloppement et de prosp\u00e9rit\u00e9 dans l\u2019\u00c9tat qui repr\u00e9sente 10,1 % du PIB de l\u2019\u00c9tat.<\/p><p>C\u2019est pour cette raison que SEFOTUR a con\u00e7u des strat\u00e9gies qui permettent, d\u2019une part, de contribuer \u00e0 la pr\u00e9servation de la sant\u00e9, tout en travaillant sur la recherche, l\u2019analyse, la formation, l\u2019am\u00e9lioration, la gestion du soutien au secteur et au d\u00e9veloppement d\u2019une strat\u00e9gie de r\u00e9activation du tourisme attach\u00e9e \u00e0 la nouvelle r\u00e9alit\u00e9 \u00ab\u202fpost Covid-19\u202f\u00bb.<\/p><p>Les documents suivants r\u00e9v\u00e8lent certaines des mesures que le Gouvernement du Yucatan a mises en \u0153uvre au cours de cette contingence, ainsi que les actions et les soutiens que SEFOTUR a mis en \u0153uvre afin d\u2019att\u00e9nuer les effets de cette crise sur le secteur et avec l\u2019objectif principal d\u2019une r\u00e9up\u00e9ration rapide du tourisme en tant que moteur \u00e9conomique et de bien-\u00eatre dans l\u2019\u00c9tat.<\/p><p class=\"highlight\">Clique sur les liens et lis toutes les actions que nous prenons face au Covid-19.<\/p><\/div><\/div>\n\n<div class=\"fw-row\">\n\t<div class=\"fw-col-xs-12 fw-col-sm-6\" style=\"box-sizing:border-box;\">\n\t<ul><li><a href=\"https:\/\/yucatantravel.epconsulting.mx\/wp-content\/uploads\/2020\/07\/yucatan-plan-reactivacion.pdf\">Plan de Recuperaci\u00f3n Tur\u00edstica Ante la Contingencia<\/a><\/li><li><a href=\"https:\/\/yucatantravel.epconsulting.mx\/wp-content\/uploads\/2020\/05\/Buenas-Pr\u00e1cticas-Sanitarias-Yucat\u00e1n.pdf\">Buenas Pr\u00e1cticas Sanitarias<\/a>\u00a0<\/li><li><span style=\"color: #0000ff;\"><a style=\"color: #0000ff;\" href=\"https:\/\/yucatantravel.epconsulting.mx\/wp-content\/uploads\/2020\/04\/CARTA-INDUSTRIA-MF-COVID.pdf.pdf\">Carta de la Secretaria Lic. Michelle Fridman Hirsch a la Industria Tur\u00edstica<\/a><\/span><\/li><li><span style=\"color: #0000ff;\"><a style=\"color: #0000ff;\" href=\"https:\/\/yucatantravel.epconsulting.mx\/acuerdo-secretaria-de-salud-covid\/\">Acuerdo de la Secretar\u00eda de Salud de Gobierno Federal ante la pandemia<\/a><\/span><\/li><li><span style=\"color: #0000ff;\"><a style=\"color: #0000ff;\" href=\"https:\/\/yucatantravel.epconsulting.mx\/wp-content\/uploads\/2020\/04\/PROTOCOLO-DE-ATENCI\u00d3N-PARA-MEXICANOS-Y-EXTRANJEROS-DOF.pdf\">Protocolo de atenci\u00f3n ante viajeros nacionales y extranjeros<\/a><\/span><\/li><li><span style=\"color: #0000ff;\"><a style=\"color: #0000ff;\" href=\"https:\/\/yucatantravel.epconsulting.mx\/wp-content\/uploads\/2020\/06\/PlanReactivacion-1.pdf\">Plan Estatal para impulsar la econom\u00eda, los empleos y la salud de los yucatecos<\/a><\/span><\/li><li><span style=\"color: #0000ff;\"><a style=\"color: #0000ff;\" href=\"http:\/\/pidodesdecasa.mx\">Campa\u00f1a #PidoDesdeCasa<\/a><\/span><\/li><li><span style=\"color: #0000ff;\"><a style=\"color: #0000ff;\" href=\"https:\/\/yucatantravel.epconsulting.mx\/wp-content\/uploads\/2020\/04\/COVID19_SEFOTUR.pdf\">Gu\u00eda pr\u00e1ctica frente el COVID<\/a><\/span><\/li><li><span style=\"color: #0000ff;\"><a style=\"color: #0000ff;\" href=\"https:\/\/yucatantravel.epconsulting.mx\/covid-19_sectorturistico_\/\">COVID y el sector tur\u00edstico en Yucat\u00e1n \u2013 Propuesta de trabajo<\/a><\/span><\/li><li><span style=\"color: #0000ff;\"><a style=\"color: #0000ff;\" href=\"https:\/\/yucatantravel.epconsulting.mx\/medidas_gobierno_yucatan\/\">Medidas implementadas por el Gobierno del Estado de Yucat\u00e1n<\/a><\/span><\/li><li><span style=\"color: #0000ff;\"><a style=\"color: #0000ff;\" href=\"https:\/\/yucatantravel.epconsulting.mx\/medidas_sefotur_yucatan\/\">Medidas implementadas por la Secretaria de Fomento Tur\u00edstico\u00a0\u00a0<\/a><\/span><\/li><\/ul><\/div><div class=\"fw-col-xs-12 fw-col-sm-6\" style=\"box-sizing:border-box;\">\n\t<ul><li><div>Reportes semanales de Term\u00f3metro de Impacto al Sector Tur\u00edstico.<\/div><ul><li><a href=\"https:\/\/yucatantravel.epconsulting.mx\/wp-content\/uploads\/2020\/04\/Reporte-1.-Term\u00f3metro-de-Afectaci\u00f3n-al-Turismo-en-Yucat\u00e1n-por-Covid-19.pdf\">Reporte 1 Term\u00f3metro de Impacto al Sector Tur\u00edstico \u2013 27 de marzo 2020.<\/a><\/li><li><a href=\"https:\/\/yucatantravel.epconsulting.mx\/wp-content\/uploads\/2020\/04\/Reporte-2.-Term\u00f3metro-de-Afectaci\u00f3n-al-Turismo-en-Yucat\u00e1n-por-Covid-19-2.pdf\">Reporte 2 Term\u00f3metro de Impacto al Sector Tur\u00edstico \u2013 3 de abril 2020.<\/a><\/li><li><a href=\"https:\/\/yucatantravel.epconsulting.mx\/wp-content\/uploads\/2020\/04\/Reporte-3.-Term\u00f3metro-de-Afectaci\u00f3n-al-Turismo-en-Yucat\u00e1n-por-Covid-19.pdf\">Reporte 3 Term\u00f3metro de Impacto al Sector Tur\u00edstico \u2013 10 de abril 2020.<\/a><\/li><li><a href=\"https:\/\/yucatantravel.epconsulting.mx\/wp-content\/uploads\/2020\/04\/Reporte-4.-Term\u00f3metro-de-Afectaci\u00f3n-al-Turismo-en-Yucat\u00e1n-por-Covid.pdf\">Reporte 4 Term\u00f3metro de Impacto al Sector Tur\u00edstico \u2013 17 de abril 2020.<\/a><\/li><li><a href=\"https:\/\/yucatantravel.epconsulting.mx\/wp-content\/uploads\/2020\/04\/Reporte-No.-5-Term\u00f3metro-de-Afectaci\u00f3n-al-Turismo-en-Yucat\u00e1n-por-Covid-19.pdf\">Reporte 5 &nbsp;Term\u00f3metro de Impacto al Sector Tur\u00edstico \u2013 24 de abril 2020.<\/a><\/li><li><a href=\"https:\/\/yucatantravel.epconsulting.mx\/wp-content\/uploads\/2020\/05\/Reporte-6.-Term\u00f3metro-de-Afectaci\u00f3n-al-Turismo-en-Yucat\u00e1n-por-Covid-19_compressed.pdf\">Reporte 6 &nbsp;Term\u00f3metro de Impacto al Sector Tur\u00edstico \u2013 1 de mayo &nbsp;2020.&nbsp;<\/a><\/li><li><a href=\"https:\/\/yucatantravel.epconsulting.mx\/wp-content\/uploads\/2020\/05\/Reporte-7.pdf\">Reporte 7. Term\u00f3metro de Impacto al Sector Tur\u00edstico - 8 de mayo 2020.<\/a><\/li><li><a href=\"https:\/\/yucatantravel.epconsulting.mx\/wp-content\/uploads\/2020\/05\/Reporte-8-3.pdf\">Reporte 8. Term\u00f3metro de Impacto al Sector Tur\u00edstico - 15 de mayo 2020.<\/a><\/li><li><a href=\"https:\/\/yucatantravel.epconsulting.mx\/wp-content\/uploads\/2020\/05\/Reporte-9.pdf\">Reporte 9&nbsp; Term\u00f3metro de Impacto al Sector Tur\u00edstico \u2013 22 de mayo &nbsp;2020.&nbsp;<\/a><\/li><li><a href=\"https:\/\/yucatantravel.epconsulting.mx\/wp-content\/uploads\/2020\/06\/Term-10-1.pdf\">Reporte 10 &nbsp;Term\u00f3metro de Impacto al Sector Tur\u00edstico \u2013 29 &nbsp;de mayo &nbsp;2020.&nbsp;<\/a><\/li><li><a href=\"https:\/\/yucatantravel.epconsulting.mx\/wp-content\/uploads\/2020\/06\/Reporte-11.pdf\">Reporte 11 &nbsp;Term\u00f3metro de Impacto al Sector Tur\u00edstico \u2013 5 &nbsp;de junio &nbsp;2020.<\/a><\/li><li><a href=\"https:\/\/yucatantravel.epconsulting.mx\/wp-content\/uploads\/2020\/06\/Reporte-12.pdf\">Reporte 12 &nbsp;Term\u00f3metro de Impacto al Sector Tur\u00edstico \u2013 12 &nbsp;de junio &nbsp;2020.<\/a><\/li><li><a href=\"https:\/\/yucatantravel.epconsulting.mx\/wp-content\/uploads\/2020\/06\/Reporte-13.pdf\">Reporte 13 &nbsp;Term\u00f3metro de Impacto al Sector Tur\u00edstico \u2013 19 &nbsp;de junio &nbsp;2020.<\/a><\/li><li><a href=\"https:\/\/yucatantravel.epconsulting.mx\/wp-content\/uploads\/2020\/07\/Reporte-14.pdf\">Reporte 14&nbsp; Term\u00f3metro de Impacto al Sector Tur\u00edstico \u2013 19 &nbsp;de junio &nbsp;2020.<\/a><\/li><li><a href=\"https:\/\/yucatantravel.epconsulting.mx\/wp-content\/uploads\/2020\/08\/Reporte-15.pdf\">Reporte 15 &nbsp;Term\u00f3metro de Impacto al Sector Tur\u00edstico \u2013 25 &nbsp;de agosto &nbsp;2020.<\/a><\/li><li><a href=\"https:\/\/yucatantravel.epconsulting.mx\/wp-content\/uploads\/2020\/11\/Reporte-16.pdf\">Reporte 16 &nbsp;Term\u00f3metro de Impacto al Sector Tur\u00edstico \u2013 28 &nbsp;de septiembre &nbsp;2020.<\/a><\/li><li><a href=\"https:\/\/yucatantravel.epconsulting.mx\/wp-content\/uploads\/2020\/11\/Reporte-17.pdf\">Reporte 17 &nbsp;Term\u00f3metro de Impacto al Sector Tur\u00edstico \u2013 29 &nbsp;de octubre &nbsp;2020.<\/a><\/li><\/ul><\/li><li><a href=\"https:\/\/yucatantravel.epconsulting.mx\/wp-content\/uploads\/2020\/04\/Capacitaci\u00f3n_Covid19.pdf\">Programas de capacitaci\u00f3n durante la contingencia sanitaria COVID-19<\/a><\/li><\/ul><\/div><\/div>\n\n\t<\/div>\n<\/section>\n","protected":false},"excerpt":{"rendered":"<p>Yucat\u00e1n frente al Covid-19 Face \u00e0 la crise globale du Covid-19, le Gouvernement de l\u2019\u00c9tat du Yucat\u00e1n a mis en place plusieurs actions qui ont pour objectif principal la pr\u00e9servation de la sant\u00e9 de tous les Yucat\u00e8ques.\u00c0 cet \u00e9gard, afin de r\u00e9duire le nombre de contagions du Coronavirus, le Gouverneur Mauricio Vila Dosal a annonc\u00e9 [&hellip;]<\/p>\n","protected":false},"author":19,"featured_media":14706,"parent":0,"menu_order":0,"comment_status":"closed","ping_status":"closed","template":"","meta":{"footnotes":""},"class_list":["post-11023","page","type-page","status-publish","has-post-thumbnail","hentry"],"yoast_head":"<!-- This site is optimized with the Yoast SEO plugin v28.3 - https:\/\/yoast.com\/product\/yoast-seo-wordpress\/ -->\n<title>Yucatan face au Covid-19 - Yucatan.Travel<\/title>\n<meta name=\"description\" content=\"Face \u00e0 la crise globale du Covid-19, le Gouvernement de l\u2019\u00c9tat du Yucat\u00e1n a mis en place plusieurs actions qui ont pour objectif principal la pr\u00e9servation...\" \/>\n<meta name=\"robots\" content=\"index, follow, max-snippet:-1, max-image-preview:large, max-video-preview:-1\" \/>\n<link rel=\"canonical\" href=\"https:\/\/yucatantravel.epconsulting.mx\/fr\/yucatan-frente-al-covid\/\" \/>\n<meta property=\"og:locale\" content=\"fr_FR\" \/>\n<meta property=\"og:type\" content=\"article\" \/>\n<meta property=\"og:title\" content=\"Yucatan face au Covid-19 - Yucatan.Travel\" \/>\n<meta property=\"og:description\" content=\"Face \u00e0 la crise globale du Covid-19, le Gouvernement de l\u2019\u00c9tat du Yucat\u00e1n a mis en place plusieurs actions qui ont pour objectif principal la pr\u00e9servation...\" \/>\n<meta property=\"og:url\" content=\"https:\/\/yucatantravel.epconsulting.mx\/fr\/yucatan-frente-al-covid\/\" \/>\n<meta property=\"og:site_name\" content=\"Yucatan.Travel\" \/>\n<meta property=\"article:modified_time\" content=\"2022-01-20T17:04:33+00:00\" \/>\n<meta property=\"og:image\" content=\"https:\/\/yucatantravel.epconsulting.mx\/wp-content\/uploads\/2021\/04\/banner-yucatanencasa.jpg\" \/>\n\t<meta property=\"og:image:width\" content=\"1920\" \/>\n\t<meta property=\"og:image:height\" content=\"1080\" \/>\n\t<meta property=\"og:image:type\" content=\"image\/jpeg\" \/>\n<meta name=\"twitter:card\" content=\"summary_large_image\" \/>\n<meta name=\"twitter:label1\" content=\"Dur\u00e9e de lecture estim\u00e9e\" \/>\n\t<meta name=\"twitter:data1\" content=\"3 minutes\" \/>\n<script type=\"application\/ld+json\" class=\"yoast-schema-graph\">{\"@context\":\"https:\\\/\\\/schema.org\",\"@graph\":[{\"@type\":\"WebPage\",\"@id\":\"https:\\\/\\\/yucatantravel.epconsulting.mx\\\/fr\\\/yucatan-frente-al-covid\\\/\",\"url\":\"https:\\\/\\\/yucatantravel.epconsulting.mx\\\/fr\\\/yucatan-frente-al-covid\\\/\",\"name\":\"Yucatan face au Covid-19 - Yucatan.Travel\",\"isPartOf\":{\"@id\":\"https:\\\/\\\/yucatantravel.epconsulting.mx\\\/#website\"},\"primaryImageOfPage\":{\"@id\":\"https:\\\/\\\/yucatantravel.epconsulting.mx\\\/fr\\\/yucatan-frente-al-covid\\\/#primaryimage\"},\"image\":{\"@id\":\"https:\\\/\\\/yucatantravel.epconsulting.mx\\\/fr\\\/yucatan-frente-al-covid\\\/#primaryimage\"},\"thumbnailUrl\":\"https:\\\/\\\/yucatan.travel\\\/wp-content\\\/uploads\\\/2021\\\/04\\\/banner-yucatanencasa.jpg\",\"datePublished\":\"2020-04-21T14:33:17+00:00\",\"dateModified\":\"2022-01-20T17:04:33+00:00\",\"description\":\"Face \u00e0 la crise globale du Covid-19, le Gouvernement de l\u2019\u00c9tat du Yucat\u00e1n a mis en place plusieurs actions qui ont pour objectif principal la pr\u00e9servation...\",\"inLanguage\":\"fr-FR\",\"potentialAction\":[{\"@type\":\"ReadAction\",\"target\":[\"https:\\\/\\\/yucatantravel.epconsulting.mx\\\/fr\\\/yucatan-frente-al-covid\\\/\"]}]},{\"@type\":\"ImageObject\",\"inLanguage\":\"fr-FR\",\"@id\":\"https:\\\/\\\/yucatantravel.epconsulting.mx\\\/fr\\\/yucatan-frente-al-covid\\\/#primaryimage\",\"url\":\"https:\\\/\\\/yucatan.travel\\\/wp-content\\\/uploads\\\/2021\\\/04\\\/banner-yucatanencasa.jpg\",\"contentUrl\":\"https:\\\/\\\/yucatan.travel\\\/wp-content\\\/uploads\\\/2021\\\/04\\\/banner-yucatanencasa.jpg\",\"width\":1920,\"height\":1080},{\"@type\":\"WebSite\",\"@id\":\"https:\\\/\\\/yucatantravel.epconsulting.mx\\\/#website\",\"url\":\"https:\\\/\\\/yucatantravel.epconsulting.mx\\\/\",\"name\":\"Yucatan.Travel\",\"description\":\"Just another WordPress site\",\"potentialAction\":[{\"@type\":\"SearchAction\",\"target\":{\"@type\":\"EntryPoint\",\"urlTemplate\":\"https:\\\/\\\/yucatantravel.epconsulting.mx\\\/?s={search_term_string}\"},\"query-input\":{\"@type\":\"PropertyValueSpecification\",\"valueRequired\":true,\"valueName\":\"search_term_string\"}}],\"inLanguage\":\"fr-FR\"}]}<\/script>\n<!-- \/ Yoast SEO plugin. -->","yoast_head_json":{"title":"Yucatan face au Covid-19 - Yucatan.Travel","description":"Face \u00e0 la crise globale du Covid-19, le Gouvernement de l\u2019\u00c9tat du Yucat\u00e1n a mis en place plusieurs actions qui ont pour objectif principal la pr\u00e9servation...","robots":{"index":"index","follow":"follow","max-snippet":"max-snippet:-1","max-image-preview":"max-image-preview:large","max-video-preview":"max-video-preview:-1"},"canonical":"https:\/\/yucatantravel.epconsulting.mx\/fr\/yucatan-frente-al-covid\/","og_locale":"fr_FR","og_type":"article","og_title":"Yucatan face au Covid-19 - Yucatan.Travel","og_description":"Face \u00e0 la crise globale du Covid-19, le Gouvernement de l\u2019\u00c9tat du Yucat\u00e1n a mis en place plusieurs actions qui ont pour objectif principal la pr\u00e9servation...","og_url":"https:\/\/yucatantravel.epconsulting.mx\/fr\/yucatan-frente-al-covid\/","og_site_name":"Yucatan.Travel","article_modified_time":"2022-01-20T17:04:33+00:00","og_image":[{"width":1920,"height":1080,"url":"https:\/\/yucatantravel.epconsulting.mx\/wp-content\/uploads\/2021\/04\/banner-yucatanencasa.jpg","type":"image\/jpeg"}],"twitter_card":"summary_large_image","twitter_misc":{"Dur\u00e9e de lecture estim\u00e9e":"3 minutes"},"schema":{"@context":"https:\/\/schema.org","@graph":[{"@type":"WebPage","@id":"https:\/\/yucatantravel.epconsulting.mx\/fr\/yucatan-frente-al-covid\/","url":"https:\/\/yucatantravel.epconsulting.mx\/fr\/yucatan-frente-al-covid\/","name":"Yucatan face au Covid-19 - Yucatan.Travel","isPartOf":{"@id":"https:\/\/yucatantravel.epconsulting.mx\/#website"},"primaryImageOfPage":{"@id":"https:\/\/yucatantravel.epconsulting.mx\/fr\/yucatan-frente-al-covid\/#primaryimage"},"image":{"@id":"https:\/\/yucatantravel.epconsulting.mx\/fr\/yucatan-frente-al-covid\/#primaryimage"},"thumbnailUrl":"https:\/\/yucatan.travel\/wp-content\/uploads\/2021\/04\/banner-yucatanencasa.jpg","datePublished":"2020-04-21T14:33:17+00:00","dateModified":"2022-01-20T17:04:33+00:00","description":"Face \u00e0 la crise globale du Covid-19, le Gouvernement de l\u2019\u00c9tat du Yucat\u00e1n a mis en place plusieurs actions qui ont pour objectif principal la pr\u00e9servation...","inLanguage":"fr-FR","potentialAction":[{"@type":"ReadAction","target":["https:\/\/yucatantravel.epconsulting.mx\/fr\/yucatan-frente-al-covid\/"]}]},{"@type":"ImageObject","inLanguage":"fr-FR","@id":"https:\/\/yucatantravel.epconsulting.mx\/fr\/yucatan-frente-al-covid\/#primaryimage","url":"https:\/\/yucatan.travel\/wp-content\/uploads\/2021\/04\/banner-yucatanencasa.jpg","contentUrl":"https:\/\/yucatan.travel\/wp-content\/uploads\/2021\/04\/banner-yucatanencasa.jpg","width":1920,"height":1080},{"@type":"WebSite","@id":"https:\/\/yucatantravel.epconsulting.mx\/#website","url":"https:\/\/yucatantravel.epconsulting.mx\/","name":"Yucatan.Travel","description":"Just another WordPress site","potentialAction":[{"@type":"SearchAction","target":{"@type":"EntryPoint","urlTemplate":"https:\/\/yucatantravel.epconsulting.mx\/?s={search_term_string}"},"query-input":{"@type":"PropertyValueSpecification","valueRequired":true,"valueName":"search_term_string"}}],"inLanguage":"fr-FR"}]}},"_links":{"self":[{"href":"https:\/\/yucatan.travel\/fr\/wp-json\/wp\/v2\/pages\/11023","targetHints":{"allow":["GET"]}}],"collection":[{"href":"https:\/\/yucatan.travel\/fr\/wp-json\/wp\/v2\/pages"}],"about":[{"href":"https:\/\/yucatan.travel\/fr\/wp-json\/wp\/v2\/types\/page"}],"author":[{"embeddable":true,"href":"https:\/\/yucatan.travel\/fr\/wp-json\/wp\/v2\/users\/19"}],"replies":[{"embeddable":true,"href":"https:\/\/yucatan.travel\/fr\/wp-json\/wp\/v2\/comments?post=11023"}],"version-history":[{"count":0,"href":"https:\/\/yucatan.travel\/fr\/wp-json\/wp\/v2\/pages\/11023\/revisions"}],"wp:featuredmedia":[{"embeddable":true,"href":"https:\/\/yucatan.travel\/fr\/wp-json\/wp\/v2\/media\/14706"}],"wp:attachment":[{"href":"https:\/\/yucatan.travel\/fr\/wp-json\/wp\/v2\/media?parent=11023"}],"curies":[{"name":"wp","href":"https:\/\/api.w.org\/{rel}","templated":true}]}}