{"id":74484,"date":"2023-01-04T04:04:21","date_gmt":"2023-01-04T04:04:21","guid":{"rendered":"https:\/\/yucatantravel.epconsulting.mx\/gallery\/galeria-capital-del-mundo-maya\/"},"modified":"2026-05-20T12:58:49","modified_gmt":"2026-05-20T18:58:49","slug":"galeria-capital-del-mundo-maya","status":"publish","type":"galleries","link":"https:\/\/yucatantravel.epconsulting.mx\/fr\/gallery\/galeria-capital-del-mundo-maya\/","title":{"rendered":"Galer\u00eda Capital del Mundo Maya"},"content":{"rendered":"<section class=\"fw-main-row \">\n<div class=\"fw-container on-sidebar\" id=\"section-fotos\" data-title=\"Fotos\">\n<div class=\"fw-row\">\n<div class=\"fw-col-xs-12\">\n<div class=\"content-section\">\n<div class=\"carousel-explore list-gallery\">\n<h3 class=\"list-gallery-subtitle\">Puerto Maya<\/h3>\n<h2 class=\"list-gallery-title\">Fotos<\/h2>\n<div class=\"carousel-items-gallery\">\n<div class=\"content-items\">\n<ul class=\"flex-container\">\n<li class=\"award\">\n          <a data-fancybox=\"full-gallery\" href=\"\/\/yucatantravel.epconsulting.mx\/wp-content\/uploads\/2019\/12\/Chichenitza-Capital-Mundo-Maya-Yucat\u00e1n-Regiones-1.jpg\" data-caption=\"Chichenitza &#8211; Capital Mundo Maya &#8211; Yucat\u00e1n &#8211; Regiones-1\" class=\"fullgallery__preview-img\"><\/p>\n<figure><img decoding=\"async\" loading=\"lazy\" src=\"\/\/yucatantravel.epconsulting.mx\/wp-content\/uploads\/2019\/12\/Chichenitza-Capital-Mundo-Maya-Yucat\u00e1n-Regiones-1.jpg\"><\/figure>\n<p>          <\/a>\n          <\/li>\n<li class=\"award\">\n          <a data-fancybox=\"full-gallery\" href=\"\/\/yucatantravel.epconsulting.mx\/wp-content\/uploads\/2019\/12\/Chichenitza-Capital-Mundo-Maya-Yucat\u00e1n-Regiones-2.jpg\" data-caption=\"Chichenitza &#8211; Capital Mundo Maya &#8211; Yucat\u00e1n &#8211; Regiones-2\" class=\"fullgallery__preview-img\"><\/p>\n<figure><img decoding=\"async\" loading=\"lazy\" src=\"\/\/yucatantravel.epconsulting.mx\/wp-content\/uploads\/2019\/12\/Chichenitza-Capital-Mundo-Maya-Yucat\u00e1n-Regiones-2.jpg\"><\/figure>\n<p>          <\/a>\n          <\/li>\n<li class=\"award\">\n          <a data-fancybox=\"full-gallery\" href=\"\/\/yucatantravel.epconsulting.mx\/wp-content\/uploads\/2019\/12\/Valladolid-Capital-Mundo-Maya-Yucat\u00e1n-Regiones-1.jpg\" data-caption=\"Valladolid &#8211; Capital Mundo Maya &#8211; Yucat\u00e1n &#8211; Regiones-1\" class=\"fullgallery__preview-img\"><\/p>\n<figure><img decoding=\"async\" loading=\"lazy\" src=\"\/\/yucatantravel.epconsulting.mx\/wp-content\/uploads\/2019\/12\/Valladolid-Capital-Mundo-Maya-Yucat\u00e1n-Regiones-1.jpg\"><\/figure>\n<p>          <\/a>\n          <\/li>\n<li class=\"award\">\n          <a data-fancybox=\"full-gallery\" href=\"\/\/yucatantravel.epconsulting.mx\/wp-content\/uploads\/2019\/12\/Valladolid-Capital-Mundo-Maya-Yucat\u00e1n-Regiones-2.jpg\" data-caption=\"Valladolid &#8211; Capital Mundo Maya &#8211; Yucat\u00e1n &#8211; Regiones-2\" class=\"fullgallery__preview-img\"><\/p>\n<figure><img decoding=\"async\" loading=\"lazy\" src=\"\/\/yucatantravel.epconsulting.mx\/wp-content\/uploads\/2019\/12\/Valladolid-Capital-Mundo-Maya-Yucat\u00e1n-Regiones-2.jpg\"><\/figure>\n<p>          <\/a>\n          <\/li>\n<\/ul><\/div>\n<div class=\"content-items\">\n<ul class=\"flex-container\">\n<li class=\"award\">\n          <a data-fancybox=\"full-gallery\" href=\"\/\/yucatantravel.epconsulting.mx\/wp-content\/uploads\/2019\/12\/Valladolid-Capital-Mundo-Maya-Yucat\u00e1n-Regiones.jpg\" data-caption=\"Valladolid- Capital Mundo Maya &#8211; Yucat\u00e1n &#8211; Regiones\" class=\"fullgallery__preview-img\"><\/p>\n<figure><img decoding=\"async\" loading=\"lazy\" src=\"\/\/yucatantravel.epconsulting.mx\/wp-content\/uploads\/2019\/12\/Valladolid-Capital-Mundo-Maya-Yucat\u00e1n-Regiones.jpg\"><\/figure>\n<p>          <\/a>\n          <\/li>\n<li class=\"award\">\n          <a data-fancybox=\"full-gallery\" href=\"\/\/yucatantravel.epconsulting.mx\/wp-content\/uploads\/2019\/12\/Cenote-Dzitnup-Capital-Mundo-Maya-Yucat\u00e1n-Regiones.jpg\" data-caption=\"Cenote Dzitnup &#8211; Capital Mundo Maya &#8211; Yucat\u00e1n &#8211; Regiones\" class=\"fullgallery__preview-img\"><\/p>\n<figure><img decoding=\"async\" loading=\"lazy\" src=\"\/\/yucatantravel.epconsulting.mx\/wp-content\/uploads\/2019\/12\/Cenote-Dzitnup-Capital-Mundo-Maya-Yucat\u00e1n-Regiones.jpg\"><\/figure>\n<p>          <\/a>\n          <\/li>\n<li class=\"award\">\n          <a data-fancybox=\"full-gallery\" href=\"\/\/yucatantravel.epconsulting.mx\/wp-content\/uploads\/2019\/12\/Ek-Balam-Capital-Mundo-Maya-Yucat\u00e1n-Regiones.jpg\" data-caption=\"Ek-Balam -Capital Mundo Maya-Yucat\u00e1n -Regiones\" class=\"fullgallery__preview-img\"><\/p>\n<figure><img decoding=\"async\" loading=\"lazy\" src=\"\/\/yucatantravel.epconsulting.mx\/wp-content\/uploads\/2019\/12\/Ek-Balam-Capital-Mundo-Maya-Yucat\u00e1n-Regiones.jpg\"><\/figure>\n<p>          <\/a>\n          <\/li>\n<li class=\"award\">\n          <a data-fancybox=\"full-gallery\" href=\"\/\/yucatantravel.epconsulting.mx\/wp-content\/uploads\/2019\/12\/cenote-suytun_region-capital-mundo-maya-scaled.jpg\" data-caption=\"cenote suytun_region capital mundo maya\" class=\"fullgallery__preview-img\"><\/p>\n<figure><img decoding=\"async\" loading=\"lazy\" src=\"\/\/yucatantravel.epconsulting.mx\/wp-content\/uploads\/2019\/12\/cenote-suytun_region-capital-mundo-maya-scaled.jpg\"><\/figure>\n<p>          <\/a>\n          <\/li>\n<\/ul><\/div>\n<div class=\"content-items\">\n<ul class=\"flex-container\">\n<li class=\"award\">\n          <a data-fancybox=\"full-gallery\" href=\"\/\/yucatantravel.epconsulting.mx\/wp-content\/uploads\/2019\/12\/chichen-itza2_region-capital-mundo-maya-scaled.jpg\" data-caption=\"chichen itza2_region capital mundo maya\" class=\"fullgallery__preview-img\"><\/p>\n<figure><img decoding=\"async\" loading=\"lazy\" src=\"\/\/yucatantravel.epconsulting.mx\/wp-content\/uploads\/2019\/12\/chichen-itza2_region-capital-mundo-maya-scaled.jpg\"><\/figure>\n<p>          <\/a>\n          <\/li>\n<li class=\"award\">\n          <a data-fancybox=\"full-gallery\" href=\"\/\/yucatantravel.epconsulting.mx\/wp-content\/uploads\/2019\/12\/Chichenitza-Capital-Mundo-Maya-Yucat\u00e1n-Regiones.jpg\" data-caption=\"Chichenitza &#8211; Capital Mundo Maya &#8211; Yucat\u00e1n &#8211; Regiones\" class=\"fullgallery__preview-img\"><\/p>\n<figure><img decoding=\"async\" loading=\"lazy\" src=\"\/\/yucatantravel.epconsulting.mx\/wp-content\/uploads\/2019\/12\/Chichenitza-Capital-Mundo-Maya-Yucat\u00e1n-Regiones.jpg\"><\/figure>\n<p>          <\/a>\n          <\/li>\n<li class=\"award\">\n          <a data-fancybox=\"full-gallery\" href=\"\/\/yucatantravel.epconsulting.mx\/wp-content\/uploads\/2019\/12\/Cenote-Ik-Kil-Capital-Mundo-Maya-Yucat\u00e1n-Regiones.jpg\" data-caption=\"Cenote Ik Kil &#8211; Capital Mundo Maya &#8211; Yucat\u00e1n &#8211; Regiones\" class=\"fullgallery__preview-img\"><\/p>\n<figure><img decoding=\"async\" loading=\"lazy\" src=\"\/\/yucatantravel.epconsulting.mx\/wp-content\/uploads\/2019\/12\/Cenote-Ik-Kil-Capital-Mundo-Maya-Yucat\u00e1n-Regiones.jpg\"><\/figure>\n<p>          <\/a>\n          <\/li>\n<li class=\"award\">\n          <a data-fancybox=\"full-gallery\" href=\"\/\/yucatantravel.epconsulting.mx\/wp-content\/uploads\/2019\/12\/Capital-Mundo-Maya-Yucat\u00e1n-Regiones-2.jpg\" data-caption=\"Capital Mundo Maya &#8211; Yucat\u00e1n &#8211; Regiones-2\" class=\"fullgallery__preview-img\"><\/p>\n<figure><img decoding=\"async\" loading=\"lazy\" src=\"\/\/yucatantravel.epconsulting.mx\/wp-content\/uploads\/2019\/12\/Capital-Mundo-Maya-Yucat\u00e1n-Regiones-2.jpg\"><\/figure>\n<p>          <\/a>\n          <\/li>\n<\/ul><\/div>\n<div class=\"content-items\">\n<ul class=\"flex-container\">\n<li class=\"award\">\n          <a data-fancybox=\"full-gallery\" href=\"\/\/yucatantravel.epconsulting.mx\/wp-content\/uploads\/2019\/12\/Capital-Mundo-Maya-Yucat\u00e1n-Regiones-1.jpg\" data-caption=\"Capital Mundo Maya &#8211; Yucat\u00e1n &#8211; Regiones-1\" class=\"fullgallery__preview-img\"><\/p>\n<figure><img decoding=\"async\" loading=\"lazy\" src=\"\/\/yucatantravel.epconsulting.mx\/wp-content\/uploads\/2019\/12\/Capital-Mundo-Maya-Yucat\u00e1n-Regiones-1.jpg\"><\/figure>\n<p>          <\/a>\n          <\/li>\n<li class=\"award\">\n          <a data-fancybox=\"full-gallery\" href=\"\/\/yucatantravel.epconsulting.mx\/wp-content\/uploads\/2019\/12\/Ek-Balam-Capital-Mundo-Maya-Yucat\u00e1n-Regiones-1.jpg\" data-caption=\"Ek- Balam-Capital Mundo Maya-Yucat\u00e1n-Regiones-1\" class=\"fullgallery__preview-img\"><\/p>\n<figure><img decoding=\"async\" loading=\"lazy\" src=\"\/\/yucatantravel.epconsulting.mx\/wp-content\/uploads\/2019\/12\/Ek-Balam-Capital-Mundo-Maya-Yucat\u00e1n-Regiones-1.jpg\"><\/figure>\n<p>          <\/a>\n          <\/li>\n<li class=\"award\">\n          <a data-fancybox=\"full-gallery\" href=\"\/\/yucatantravel.epconsulting.mx\/wp-content\/uploads\/2019\/12\/Valladolid-Capital-Mundo-Maya-Yucat\u00e1n-Regiones-3.jpg\" data-caption=\"Valladolid &#8211; Capital Mundo Maya &#8211; Yucat\u00e1n &#8211; Regiones-3\" class=\"fullgallery__preview-img\"><\/p>\n<figure><img decoding=\"async\" loading=\"lazy\" src=\"\/\/yucatantravel.epconsulting.mx\/wp-content\/uploads\/2019\/12\/Valladolid-Capital-Mundo-Maya-Yucat\u00e1n-Regiones-3.jpg\"><\/figure>\n<p>          <\/a>\n          <\/li>\n<li class=\"award\">\n          <a data-fancybox=\"full-gallery\" href=\"\/\/yucatantravel.epconsulting.mx\/wp-content\/uploads\/2021\/05\/Tour-en-bici-por-la-capital-del-Mundo-Maya-4.jpg\" data-caption=\"Tour-en-bici-por-la-capital-del-Mundo-Maya-4\" class=\"fullgallery__preview-img\"><\/p>\n<figure><img decoding=\"async\" loading=\"lazy\" src=\"\/\/yucatantravel.epconsulting.mx\/wp-content\/uploads\/2021\/05\/Tour-en-bici-por-la-capital-del-Mundo-Maya-4.jpg\"><\/figure>\n<p>          <\/a>\n          <\/li>\n<\/ul><\/div>\n<div class=\"content-items\">\n<ul class=\"flex-container\">\n<li class=\"award\">\n          <a data-fancybox=\"full-gallery\" href=\"\/\/yucatantravel.epconsulting.mx\/wp-content\/uploads\/2021\/05\/Tour-en-bici-por-la-capital-del-Mundo-Maya-5.jpg\" data-caption=\"Tour-en-bici-por-la-capital-del-Mundo-Maya-5\" class=\"fullgallery__preview-img\"><\/p>\n<figure><img decoding=\"async\" loading=\"lazy\" src=\"\/\/yucatantravel.epconsulting.mx\/wp-content\/uploads\/2021\/05\/Tour-en-bici-por-la-capital-del-Mundo-Maya-5.jpg\"><\/figure>\n<p>          <\/a>\n          <\/li>\n<li class=\"award\">\n          <a data-fancybox=\"full-gallery\" href=\"\/\/yucatantravel.epconsulting.mx\/wp-content\/uploads\/2021\/05\/Tour-en-bici-por-la-capital-del-Mundo-Maya-6.jpg\" data-caption=\"Tour-en-bici-por-la-capital-del-Mundo-Maya-6\" class=\"fullgallery__preview-img\"><\/p>\n<figure><img decoding=\"async\" loading=\"lazy\" src=\"\/\/yucatantravel.epconsulting.mx\/wp-content\/uploads\/2021\/05\/Tour-en-bici-por-la-capital-del-Mundo-Maya-6.jpg\"><\/figure>\n<p>          <\/a>\n          <\/li>\n<li class=\"award\">\n          <a data-fancybox=\"full-gallery\" href=\"\/\/yucatantravel.epconsulting.mx\/wp-content\/uploads\/2021\/05\/Tour-en-bici-por-la-capital-del-Mundo-Maya-2.jpg\" data-caption=\"Tour-en-bici-por-la-capital-del-Mundo-Maya-2\" class=\"fullgallery__preview-img\"><\/p>\n<figure><img decoding=\"async\" loading=\"lazy\" src=\"\/\/yucatantravel.epconsulting.mx\/wp-content\/uploads\/2021\/05\/Tour-en-bici-por-la-capital-del-Mundo-Maya-2.jpg\"><\/figure>\n<p>          <\/a>\n          <\/li>\n<\/ul><\/div>\n<\/p><\/div>\n<\/p><\/div>\n<\/div>\n<\/div>\n<\/div><\/div>\n<\/section>\n<section class=\"fw-main-row \">\n<div class=\"fw-container on-sidebar\" id=\"section-videos\" data-title=\"Videos\">\n<div class=\"fw-row\">\n<div class=\"fw-col-xs-12\">\n<div class=\"carousel-explore carousel-explore-videos\">\n<h1>Videos<\/h1>\n<div class=\"carousel-items-gallery\">\n<div>\n<article class=\"award\">\n<\/article><\/div>\n<div>\n<article class=\"award\">\n<\/article><\/div>\n<div>\n<article class=\"award\">\n<\/article><\/div>\n<\/p><\/div>\n<\/div>\n<\/div>\n<\/div><\/div>\n<\/section>\n<section class=\"fw-main-row \">\n<div class=\"fw-container\" id=\"section_17793035191302955087\" data-title=\"\">\n<div class=\"fw-row\">\n<div class=\"fw-col-xs-12\">\n<div class=\"acordion-gallery \">\n<h2>Destinos<\/h2>\n<ul class=\"acordion-items\">\n<li style=\"background-color:#00abc8\">\n<div class=\"section-title\">\n<div class=\"img-top\"><img decoding=\"async\" loading=\"lazy\" src=\"\/\/yucatantravel.epconsulting.mx\/wp-content\/uploads\/2022\/09\/Icono-Riviera-Yucata\u0301n-Media.png\" alt=\"Costa Yucateca\"><\/div>\n<h3>Costa Yucateca<\/h3>\n<div class=\"img-bottom\"><img decoding=\"async\" loading=\"lazy\" src=\"\/\/yucatantravel.epconsulting.mx\/wp-content\/uploads\/2022\/09\/Icono-Riviera-Yucata\u0301n-Media.png\" alt=\"Costa Yucateca\"><\/div>\n<\/p><\/div>\n<div class=\"section-content\">\n<h3>Costa Yucateca<\/h3>\n<div class=\"img-content\"><img decoding=\"async\" loading=\"lazy\" src=\"\/\/yucatantravel.epconsulting.mx\/wp-content\/uploads\/2022\/09\/Icono-Riviera-Yucata\u0301n-Media.png\" alt=\"Costa Yucateca\"><\/div>\n<div class=\"content-gallery\">\n<figure class=\"acordion__fig\" style=\"background-image: url(\/\/yucatantravel.epconsulting.mx\/wp-content\/uploads\/2022\/08\/Riviera-Yucatan-Region.jpg)\"><\/figure>\n<figure class=\"acordion__fig\" style=\"background-image: url(\/\/yucatantravel.epconsulting.mx\/wp-content\/uploads\/2022\/08\/Yucatan-Riviera-Yucatan-Region.jpg)\"><\/figure>\n<figure class=\"acordion__fig\" style=\"background-image: url(\/\/yucatantravel.epconsulting.mx\/wp-content\/uploads\/2019\/12\/RivieraYucatan.png)\"><\/figure>\n<\/p><\/div>\n<p>A lo largo de la Costa Yucateca podr\u00e1s apreciar la gran variedad de ecosistemas como los bosques tropicales, ojos de agua y las cavernas submarinas.<\/p>\n<p>          <a class=\"btn-more\" href=\"https:\/\/yucatantravel.epconsulting.mx\/gallery\/galeria-costa-yucateca\/\">Ver m\u00e1s<\/a><\/p><\/div>\n<\/li>\n<li style=\"background-color:#f76d21\">\n<div class=\"section-title\">\n<div class=\"img-top\"><img decoding=\"async\" loading=\"lazy\" src=\"\/\/yucatantravel.epconsulting.mx\/wp-content\/uploads\/2022\/09\/Icono-Regio\u0301n-Me\u0301rida-Media.png\" alt=\"Regi\u00f3n M\u00e9rida\"><\/div>\n<h3>Regi\u00f3n M\u00e9rida<\/h3>\n<div class=\"img-bottom\"><img decoding=\"async\" loading=\"lazy\" src=\"\/\/yucatantravel.epconsulting.mx\/wp-content\/uploads\/2022\/09\/Icono-Regio\u0301n-Me\u0301rida-Media.png\" alt=\"Regi\u00f3n M\u00e9rida\"><\/div>\n<\/p><\/div>\n<div class=\"section-content\">\n<h3>Regi\u00f3n M\u00e9rida<\/h3>\n<div class=\"img-content\"><img decoding=\"async\" loading=\"lazy\" src=\"\/\/yucatantravel.epconsulting.mx\/wp-content\/uploads\/2022\/09\/Icono-Regio\u0301n-Me\u0301rida-Media.png\" alt=\"Regi\u00f3n M\u00e9rida\"><\/div>\n<div class=\"content-gallery\">\n<figure class=\"acordion__fig\" style=\"background-image: url(\/\/yucatantravel.epconsulting.mx\/wp-content\/uploads\/2019\/12\/Merida-monumento01-1-scaled.jpg)\"><\/figure>\n<figure class=\"acordion__fig\" style=\"background-image: url(\/\/yucatantravel.epconsulting.mx\/wp-content\/uploads\/2019\/12\/Merida-CentroMerida-Yucatan-Regiones.jpg)\"><\/figure>\n<\/p><\/div>\n<p>La ciudad es el centro de distribuci\u00f3n de turismo cultural m\u00e1s importante de la Pen\u00ednsula de Yucat\u00e1n.<\/p>\n<p>          <a class=\"btn-more\" href=\"https:\/\/yucatantravel.epconsulting.mx\/gallery\/galeria-region-merida\/\">Ver m\u00e1s<\/a><\/p><\/div>\n<\/li>\n<li style=\"background-color:#ffb600\">\n<div class=\"section-title\">\n<div class=\"img-top\"><img decoding=\"async\" loading=\"lazy\" src=\"\/\/yucatantravel.epconsulting.mx\/wp-content\/uploads\/2022\/09\/Icono-Regio\u0301n-Cenotes-Haciendas-Media.png\" alt=\"Yucat\u00e1n, Cenotes y Haciendas\"><\/div>\n<h3>Yucat\u00e1n, Cenotes y Haciendas<\/h3>\n<div class=\"img-bottom\"><img decoding=\"async\" loading=\"lazy\" src=\"\/\/yucatantravel.epconsulting.mx\/wp-content\/uploads\/2022\/09\/Icono-Regio\u0301n-Cenotes-Haciendas-Media.png\" alt=\"Yucat\u00e1n, Cenotes y Haciendas\"><\/div>\n<\/p><\/div>\n<div class=\"section-content\">\n<h3>Yucat\u00e1n, Cenotes y Haciendas<\/h3>\n<div class=\"img-content\"><img decoding=\"async\" loading=\"lazy\" src=\"\/\/yucatantravel.epconsulting.mx\/wp-content\/uploads\/2022\/09\/Icono-Regio\u0301n-Cenotes-Haciendas-Media.png\" alt=\"Yucat\u00e1n, Cenotes y Haciendas\"><\/div>\n<div class=\"content-gallery\">\n<figure class=\"acordion__fig\" style=\"background-image: url(\/\/yucatantravel.epconsulting.mx\/wp-content\/uploads\/2019\/12\/Izamal-Convento-de-Padua-Haciendas-Cenotes-Yucat\u00e1n-Regiones-1.jpg)\"><\/figure>\n<figure class=\"acordion__fig\" style=\"background-image: url(\/\/yucatantravel.epconsulting.mx\/wp-content\/uploads\/2019\/12\/Cenote-Motul-Haciendas-Cenotes-Yucat\u00e1n-Regiones.jpg)\"><\/figure>\n<figure class=\"acordion__fig\" style=\"background-image: url(\/\/yucatantravel.epconsulting.mx\/wp-content\/uploads\/2019\/12\/Izamal-Convento-de-Padua-Haciendas-Cenotes-Yucat\u00e1n-Regiones.jpg)\"><\/figure>\n<\/p><\/div>\n<p>Actualmente hay aproximadamente 3,000 cenotes censados en Yucat\u00e1n de los cuales menos de la mitad est\u00e1n abiertos al p\u00fablico y aproximadamente 300 haciendas.<\/p>\n<p>          <a class=\"btn-more\" href=\"https:\/\/yucatantravel.epconsulting.mx\/gallery\/geleria-yucatan-cenotes-y-haciendas\/\">Ver m\u00e1s<\/a><\/p><\/div>\n<\/li>\n<li style=\"background-color:#207632\">\n<div class=\"section-title\">\n<div class=\"img-top\"><img decoding=\"async\" loading=\"lazy\" src=\"\/\/yucatantravel.epconsulting.mx\/wp-content\/uploads\/2022\/09\/Icono-Regio\u0301n-RutaPuuc-Media.png\" alt=\"Ruta Puuc y Aldeas Mayas\"><\/div>\n<h3>Ruta Puuc y Aldeas Mayas<\/h3>\n<div class=\"img-bottom\"><img decoding=\"async\" loading=\"lazy\" src=\"\/\/yucatantravel.epconsulting.mx\/wp-content\/uploads\/2022\/09\/Icono-Regio\u0301n-RutaPuuc-Media.png\" alt=\"Ruta Puuc y Aldeas Mayas\"><\/div>\n<\/p><\/div>\n<div class=\"section-content\">\n<h3>Ruta Puuc y Aldeas Mayas<\/h3>\n<div class=\"img-content\"><img decoding=\"async\" loading=\"lazy\" src=\"\/\/yucatantravel.epconsulting.mx\/wp-content\/uploads\/2022\/09\/Icono-Regio\u0301n-RutaPuuc-Media.png\" alt=\"Ruta Puuc y Aldeas Mayas\"><\/div>\n<div class=\"content-gallery\">\n<figure class=\"acordion__fig\" style=\"background-image: url(\/\/yucatantravel.epconsulting.mx\/wp-content\/uploads\/2019\/11\/RutaPuuc-Aldeas-Mayas-Region-Yucat\u00e1n-Uxmal-.jpg)\"><\/figure>\n<figure class=\"acordion__fig\" style=\"background-image: url(\/\/yucatantravel.epconsulting.mx\/wp-content\/uploads\/2020\/03\/arco-de-kabah_region-ruta-puuc-y-aldeas-mayas.jpg)\"><\/figure>\n<\/p><\/div>\n<p>La Ruta Puuc es un recorrido a trav\u00e9s de la cultura Maya en Yucat\u00e1n, en donde podr\u00e1s apreciar Uxmal, Kabah, Sayil, Xlapak, Labn\u00e1 y las Grutas de Lolt\u00fan.<\/p>\n<p>          <a class=\"btn-more\" href=\"https:\/\/yucatantravel.epconsulting.mx\/gallery\/galeria-ruta-puuc-y-aldeas-mayas\/\">Ver m\u00e1s<\/a><\/p><\/div>\n<\/li>\n<li style=\"background-color:#b2292e\">\n<div class=\"section-title\">\n<div class=\"img-top\"><img decoding=\"async\" loading=\"lazy\" src=\"\/\/yucatantravel.epconsulting.mx\/wp-content\/uploads\/2022\/09\/Icono-Regio\u0301n-Capital-Mundo-MayaMedia.png\" alt=\"Capital Mundo Maya\"><\/div>\n<h3>Capital Mundo Maya<\/h3>\n<div class=\"img-bottom\"><img decoding=\"async\" loading=\"lazy\" src=\"\/\/yucatantravel.epconsulting.mx\/wp-content\/uploads\/2022\/09\/Icono-Regio\u0301n-Capital-Mundo-MayaMedia.png\" alt=\"Capital Mundo Maya\"><\/div>\n<\/p><\/div>\n<div class=\"section-content\">\n<h3>Capital Mundo Maya<\/h3>\n<div class=\"img-content\"><img decoding=\"async\" loading=\"lazy\" src=\"\/\/yucatantravel.epconsulting.mx\/wp-content\/uploads\/2022\/09\/Icono-Regio\u0301n-Capital-Mundo-MayaMedia.png\" alt=\"Capital Mundo Maya\"><\/div>\n<div class=\"content-gallery\">\n<figure class=\"acordion__fig\" style=\"background-image: url(\/\/yucatantravel.epconsulting.mx\/wp-content\/uploads\/2021\/04\/cenote-suytun_region-capital-mundo-maya.jpg)\"><\/figure>\n<figure class=\"acordion__fig\" style=\"background-image: url(\/\/yucatantravel.epconsulting.mx\/wp-content\/uploads\/2019\/12\/Chichenitza-Capital-Mundo-Maya-Yucat\u00e1n-Regiones-2.jpg)\"><\/figure>\n<figure class=\"acordion__fig\" style=\"background-image: url(\/\/yucatantravel.epconsulting.mx\/wp-content\/uploads\/2019\/12\/Valladolid-Capital-Mundo-Maya-Yucat\u00e1n-Regiones.jpg)\"><\/figure>\n<\/p><\/div>\n<p>La regi\u00f3n del Capital del Mundo Maya es una de las m\u00e1s representativas del estado. Cuenta con centros hist\u00f3ricos, centros culturales y sitios arqueol\u00f3gicos.<\/p>\n<p>          <a class=\"btn-more\" href=\"https:\/\/yucatantravel.epconsulting.mx\/gallery\/galeria-capital-del-mundo-maya\/\">Ver m\u00e1s<\/a><\/p><\/div>\n<\/li>\n<li style=\"background-color:#f44c7f\">\n<div class=\"section-title\">\n<div class=\"img-top\"><img decoding=\"async\" loading=\"lazy\" src=\"\/\/yucatantravel.epconsulting.mx\/wp-content\/uploads\/2022\/09\/Icono-Regio\u0301n-Puerto-Maya-Media.png\" alt=\"Puerto Maya\"><\/div>\n<h3>Puerto Maya<\/h3>\n<div class=\"img-bottom\"><img decoding=\"async\" loading=\"lazy\" src=\"\/\/yucatantravel.epconsulting.mx\/wp-content\/uploads\/2022\/09\/Icono-Regio\u0301n-Puerto-Maya-Media.png\" alt=\"Puerto Maya\"><\/div>\n<\/p><\/div>\n<div class=\"section-content\">\n<h3>Puerto Maya<\/h3>\n<div class=\"img-content\"><img decoding=\"async\" loading=\"lazy\" src=\"\/\/yucatantravel.epconsulting.mx\/wp-content\/uploads\/2022\/09\/Icono-Regio\u0301n-Puerto-Maya-Media.png\" alt=\"Puerto Maya\"><\/div>\n<div class=\"content-gallery\">\n<figure class=\"acordion__fig\" style=\"background-image: url(\/\/yucatantravel.epconsulting.mx\/wp-content\/uploads\/2020\/03\/PuertoMaya-Puerto-SanFelipe-04.jpg)\"><\/figure>\n<figure class=\"acordion__fig\" style=\"background-image: url(\/\/yucatantravel.epconsulting.mx\/wp-content\/uploads\/2019\/12\/Puerto-Maya-Yucata\u0301n-Regiones.jpg)\"><\/figure>\n<figure class=\"acordion__fig\" style=\"background-image: url(\/\/yucatantravel.epconsulting.mx\/wp-content\/uploads\/2020\/03\/PuertoMaya-Puerto-SanFelipe-01.jpg)\"><\/figure>\n<\/p><\/div>\n<p>Del azul profundo de los cenotes de aguas cristalinas a la explosi\u00f3n rosada de los flamencos. As\u00ed es la mag\u00eda del Puerto Maya.<\/p>\n<p>          <a class=\"btn-more\" href=\"https:\/\/yucatantravel.epconsulting.mx\/gallery\/galeria-puerto-maya\/\">Ver m\u00e1s<\/a><\/p><\/div>\n<\/li>\n<\/ul>\n<\/div>\n<\/div>\n<\/div><\/div>\n<\/section>\n<p><!-- a015bdb27b28a85a46c349d804b07df7 --><\/p>\n","protected":false},"excerpt":{"rendered":"<p>Puerto Maya Fotos Videos Destinos Costa Yucateca Costa Yucateca A lo largo de la Costa Yucateca podr\u00e1s apreciar la gran variedad de ecosistemas como los bosques tropicales, ojos de agua y las cavernas submarinas. Ver m\u00e1s Regi\u00f3n M\u00e9rida Regi\u00f3n M\u00e9rida La ciudad es el centro de distribuci\u00f3n de turismo cultural m\u00e1s importante de la Pen\u00ednsula [&hellip;]<\/p>\n","protected":false},"featured_media":28213,"template":"","class_list":["post-74484","galleries","type-galleries","status-publish","has-post-thumbnail","hentry"],"yoast_head":"<!-- This site is optimized with the Yoast SEO plugin v28.3 - https:\/\/yoast.com\/product\/yoast-seo-wordpress\/ -->\n<title>Galer\u00eda Capital del Mundo Maya - Yucatan.Travel<\/title>\n<meta name=\"description\" content=\"La regi\u00f3n del Capital del Mundo Maya es una de las m\u00e1s representativas del estado. Cuenta con centros hist\u00f3ricos, centros culturales y sitios arqueol\u00f3gicos.\" \/>\n<meta name=\"robots\" content=\"index, follow, max-snippet:-1, max-image-preview:large, max-video-preview:-1\" \/>\n<link rel=\"canonical\" href=\"https:\/\/yucatantravel.epconsulting.mx\/fr\/gallery\/galeria-capital-del-mundo-maya\/\" \/>\n<meta property=\"og:locale\" content=\"fr_FR\" \/>\n<meta property=\"og:type\" content=\"article\" \/>\n<meta property=\"og:title\" content=\"Galer\u00eda Capital del Mundo Maya - Yucatan.Travel\" \/>\n<meta property=\"og:description\" content=\"La regi\u00f3n del Capital del Mundo Maya es una de las m\u00e1s representativas del estado. Cuenta con centros hist\u00f3ricos, centros culturales y sitios arqueol\u00f3gicos.\" \/>\n<meta property=\"og:url\" content=\"https:\/\/yucatantravel.epconsulting.mx\/fr\/gallery\/galeria-capital-del-mundo-maya\/\" \/>\n<meta property=\"og:site_name\" content=\"Yucatan.Travel\" \/>\n<meta property=\"article:modified_time\" content=\"2026-05-20T18:58:49+00:00\" \/>\n<meta property=\"og:image\" content=\"https:\/\/yucatantravel.epconsulting.mx\/wp-content\/uploads\/2022\/03\/Foto-4-Foto-1-Equinoccio-de-Chich\u00e9n-Itz\u00e1.jpg\" \/>\n\t<meta property=\"og:image:width\" content=\"1920\" \/>\n\t<meta property=\"og:image:height\" content=\"1426\" \/>\n\t<meta property=\"og:image:type\" content=\"image\/jpeg\" \/>\n<meta name=\"twitter:card\" content=\"summary_large_image\" \/>\n<meta name=\"twitter:label1\" content=\"Dur\u00e9e de lecture estim\u00e9e\" \/>\n\t<meta name=\"twitter:data1\" content=\"1 minute\" \/>\n<script type=\"application\/ld+json\" class=\"yoast-schema-graph\">{\"@context\":\"https:\\\/\\\/schema.org\",\"@graph\":[{\"@type\":\"WebPage\",\"@id\":\"https:\\\/\\\/yucatantravel.epconsulting.mx\\\/fr\\\/gallery\\\/galeria-capital-del-mundo-maya\\\/\",\"url\":\"https:\\\/\\\/yucatantravel.epconsulting.mx\\\/fr\\\/gallery\\\/galeria-capital-del-mundo-maya\\\/\",\"name\":\"Galer\u00eda Capital del Mundo Maya - Yucatan.Travel\",\"isPartOf\":{\"@id\":\"https:\\\/\\\/yucatantravel.epconsulting.mx\\\/#website\"},\"primaryImageOfPage\":{\"@id\":\"https:\\\/\\\/yucatantravel.epconsulting.mx\\\/fr\\\/gallery\\\/galeria-capital-del-mundo-maya\\\/#primaryimage\"},\"image\":{\"@id\":\"https:\\\/\\\/yucatantravel.epconsulting.mx\\\/fr\\\/gallery\\\/galeria-capital-del-mundo-maya\\\/#primaryimage\"},\"thumbnailUrl\":\"https:\\\/\\\/yucatantravel.epconsulting.mx\\\/wp-content\\\/uploads\\\/2022\\\/03\\\/Foto-4-Foto-1-Equinoccio-de-Chich\u00e9n-Itz\u00e1.jpg\",\"datePublished\":\"2023-01-04T04:04:21+00:00\",\"dateModified\":\"2026-05-20T18:58:49+00:00\",\"description\":\"La regi\u00f3n del Capital del Mundo Maya es una de las m\u00e1s representativas del estado. Cuenta con centros hist\u00f3ricos, centros culturales y sitios arqueol\u00f3gicos.\",\"breadcrumb\":{\"@id\":\"https:\\\/\\\/yucatantravel.epconsulting.mx\\\/fr\\\/gallery\\\/galeria-capital-del-mundo-maya\\\/#breadcrumb\"},\"inLanguage\":\"fr-FR\",\"potentialAction\":[{\"@type\":\"ReadAction\",\"target\":[\"https:\\\/\\\/yucatantravel.epconsulting.mx\\\/fr\\\/gallery\\\/galeria-capital-del-mundo-maya\\\/\"]}]},{\"@type\":\"ImageObject\",\"inLanguage\":\"fr-FR\",\"@id\":\"https:\\\/\\\/yucatantravel.epconsulting.mx\\\/fr\\\/gallery\\\/galeria-capital-del-mundo-maya\\\/#primaryimage\",\"url\":\"https:\\\/\\\/yucatantravel.epconsulting.mx\\\/wp-content\\\/uploads\\\/2022\\\/03\\\/Foto-4-Foto-1-Equinoccio-de-Chich\u00e9n-Itz\u00e1.jpg\",\"contentUrl\":\"https:\\\/\\\/yucatantravel.epconsulting.mx\\\/wp-content\\\/uploads\\\/2022\\\/03\\\/Foto-4-Foto-1-Equinoccio-de-Chich\u00e9n-Itz\u00e1.jpg\",\"width\":1920,\"height\":1426},{\"@type\":\"BreadcrumbList\",\"@id\":\"https:\\\/\\\/yucatantravel.epconsulting.mx\\\/fr\\\/gallery\\\/galeria-capital-del-mundo-maya\\\/#breadcrumb\",\"itemListElement\":[{\"@type\":\"ListItem\",\"position\":1,\"name\":\"Galleries\",\"item\":\"https:\\\/\\\/yucatantravel.epconsulting.mx\\\/en\\\/gallery\\\/\"},{\"@type\":\"ListItem\",\"position\":2,\"name\":\"Galer\u00eda Capital del Mundo Maya\"}]},{\"@type\":\"WebSite\",\"@id\":\"https:\\\/\\\/yucatantravel.epconsulting.mx\\\/#website\",\"url\":\"https:\\\/\\\/yucatantravel.epconsulting.mx\\\/\",\"name\":\"Yucatan.Travel\",\"description\":\"Just another WordPress site\",\"potentialAction\":[{\"@type\":\"SearchAction\",\"target\":{\"@type\":\"EntryPoint\",\"urlTemplate\":\"https:\\\/\\\/yucatantravel.epconsulting.mx\\\/?s={search_term_string}\"},\"query-input\":{\"@type\":\"PropertyValueSpecification\",\"valueRequired\":true,\"valueName\":\"search_term_string\"}}],\"inLanguage\":\"fr-FR\"}]}<\/script>\n<!-- \/ Yoast SEO plugin. -->","yoast_head_json":{"title":"Galer\u00eda Capital del Mundo Maya - Yucatan.Travel","description":"La regi\u00f3n del Capital del Mundo Maya es una de las m\u00e1s representativas del estado. Cuenta con centros hist\u00f3ricos, centros culturales y sitios arqueol\u00f3gicos.","robots":{"index":"index","follow":"follow","max-snippet":"max-snippet:-1","max-image-preview":"max-image-preview:large","max-video-preview":"max-video-preview:-1"},"canonical":"https:\/\/yucatantravel.epconsulting.mx\/fr\/gallery\/galeria-capital-del-mundo-maya\/","og_locale":"fr_FR","og_type":"article","og_title":"Galer\u00eda Capital del Mundo Maya - Yucatan.Travel","og_description":"La regi\u00f3n del Capital del Mundo Maya es una de las m\u00e1s representativas del estado. Cuenta con centros hist\u00f3ricos, centros culturales y sitios arqueol\u00f3gicos.","og_url":"https:\/\/yucatantravel.epconsulting.mx\/fr\/gallery\/galeria-capital-del-mundo-maya\/","og_site_name":"Yucatan.Travel","article_modified_time":"2026-05-20T18:58:49+00:00","og_image":[{"width":1920,"height":1426,"url":"https:\/\/yucatantravel.epconsulting.mx\/wp-content\/uploads\/2022\/03\/Foto-4-Foto-1-Equinoccio-de-Chich\u00e9n-Itz\u00e1.jpg","type":"image\/jpeg"}],"twitter_card":"summary_large_image","twitter_misc":{"Dur\u00e9e de lecture estim\u00e9e":"1 minute"},"schema":{"@context":"https:\/\/schema.org","@graph":[{"@type":"WebPage","@id":"https:\/\/yucatantravel.epconsulting.mx\/fr\/gallery\/galeria-capital-del-mundo-maya\/","url":"https:\/\/yucatantravel.epconsulting.mx\/fr\/gallery\/galeria-capital-del-mundo-maya\/","name":"Galer\u00eda Capital del Mundo Maya - Yucatan.Travel","isPartOf":{"@id":"https:\/\/yucatantravel.epconsulting.mx\/#website"},"primaryImageOfPage":{"@id":"https:\/\/yucatantravel.epconsulting.mx\/fr\/gallery\/galeria-capital-del-mundo-maya\/#primaryimage"},"image":{"@id":"https:\/\/yucatantravel.epconsulting.mx\/fr\/gallery\/galeria-capital-del-mundo-maya\/#primaryimage"},"thumbnailUrl":"https:\/\/yucatantravel.epconsulting.mx\/wp-content\/uploads\/2022\/03\/Foto-4-Foto-1-Equinoccio-de-Chich\u00e9n-Itz\u00e1.jpg","datePublished":"2023-01-04T04:04:21+00:00","dateModified":"2026-05-20T18:58:49+00:00","description":"La regi\u00f3n del Capital del Mundo Maya es una de las m\u00e1s representativas del estado. Cuenta con centros hist\u00f3ricos, centros culturales y sitios arqueol\u00f3gicos.","breadcrumb":{"@id":"https:\/\/yucatantravel.epconsulting.mx\/fr\/gallery\/galeria-capital-del-mundo-maya\/#breadcrumb"},"inLanguage":"fr-FR","potentialAction":[{"@type":"ReadAction","target":["https:\/\/yucatantravel.epconsulting.mx\/fr\/gallery\/galeria-capital-del-mundo-maya\/"]}]},{"@type":"ImageObject","inLanguage":"fr-FR","@id":"https:\/\/yucatantravel.epconsulting.mx\/fr\/gallery\/galeria-capital-del-mundo-maya\/#primaryimage","url":"https:\/\/yucatantravel.epconsulting.mx\/wp-content\/uploads\/2022\/03\/Foto-4-Foto-1-Equinoccio-de-Chich\u00e9n-Itz\u00e1.jpg","contentUrl":"https:\/\/yucatantravel.epconsulting.mx\/wp-content\/uploads\/2022\/03\/Foto-4-Foto-1-Equinoccio-de-Chich\u00e9n-Itz\u00e1.jpg","width":1920,"height":1426},{"@type":"BreadcrumbList","@id":"https:\/\/yucatantravel.epconsulting.mx\/fr\/gallery\/galeria-capital-del-mundo-maya\/#breadcrumb","itemListElement":[{"@type":"ListItem","position":1,"name":"Galleries","item":"https:\/\/yucatantravel.epconsulting.mx\/en\/gallery\/"},{"@type":"ListItem","position":2,"name":"Galer\u00eda Capital del Mundo Maya"}]},{"@type":"WebSite","@id":"https:\/\/yucatantravel.epconsulting.mx\/#website","url":"https:\/\/yucatantravel.epconsulting.mx\/","name":"Yucatan.Travel","description":"Just another WordPress site","potentialAction":[{"@type":"SearchAction","target":{"@type":"EntryPoint","urlTemplate":"https:\/\/yucatantravel.epconsulting.mx\/?s={search_term_string}"},"query-input":{"@type":"PropertyValueSpecification","valueRequired":true,"valueName":"search_term_string"}}],"inLanguage":"fr-FR"}]}},"_links":{"self":[{"href":"https:\/\/yucatantravel.epconsulting.mx\/fr\/wp-json\/wp\/v2\/galleries\/74484","targetHints":{"allow":["GET"]}}],"collection":[{"href":"https:\/\/yucatantravel.epconsulting.mx\/fr\/wp-json\/wp\/v2\/galleries"}],"about":[{"href":"https:\/\/yucatantravel.epconsulting.mx\/fr\/wp-json\/wp\/v2\/types\/galleries"}],"wp:featuredmedia":[{"embeddable":true,"href":"https:\/\/yucatantravel.epconsulting.mx\/fr\/wp-json\/wp\/v2\/media\/28213"}],"wp:attachment":[{"href":"https:\/\/yucatantravel.epconsulting.mx\/fr\/wp-json\/wp\/v2\/media?parent=74484"}],"curies":[{"name":"wp","href":"https:\/\/api.w.org\/{rel}","templated":true}]}}