{"id":56464,"date":"2020-11-27T23:54:10","date_gmt":"2020-11-27T23:54:10","guid":{"rendered":"https:\/\/yucatantravel.epconsulting.mx\/flavor\/246-polcan-vegano-con-verduras-y-sikilpak\/"},"modified":"2024-03-23T06:08:05","modified_gmt":"2024-03-23T06:08:05","slug":"246-polcan-vegetalien-avec-des-legumes-et-du-sikilpak","status":"publish","type":"flavors","link":"https:\/\/yucatantravel.epconsulting.mx\/fr\/flavor\/246-polcan-vegetalien-avec-des-legumes-et-du-sikilpak\/","title":{"rendered":"No. 246 Polc\u00e1n v\u00e9g\u00e9talien : avec des l\u00e9gumes et du sikilpak"},"content":{"rendered":"<p><section class=\"fw-main-row padding-only-desktop\"  >\n\t<div class=\"fw-container\"  style=\"\" id=\"section_17881834472045223582\" data-title=\"Texto experiencia\">\n\t\t<div class=\"fw-row\">\n\t<div class=\"fw-col-xs-12\" style=\"box-sizing:border-box;\">\n\t<p>En septembre 2022 dans la ville de Pist\u00e9, lors de la Foire du Polc\u00e1n(beignet sal\u00e9), a surgi le polc\u00e1n v\u00e9g\u00e9talien. Le premier prix a \u00e9t\u00e9 d\u00e9cern\u00e9 \u00e0 Choko Coffee pour la cr\u00e9ation d\u2019une version v\u00e9g\u00e9talienne. Il est pr\u00e9par\u00e9 avec de la p\u00e2te de ma\u00efs blanche, \u00e0 laquelle on donne une forme ovale avec des haricots blancs et une garniture de sikil pak, puis frit avec de l'huile v\u00e9g\u00e9tale pour obtenir une consistance dor\u00e9e \u00e0 l'ext\u00e9rieur ; une fois pr\u00eat, il est ouvert au milieu pour y introduire un m\u00e9lange de l\u00e9gumes saut\u00e9s coup\u00e9s en d\u00e9s, tels que la chayotte et la carotte. On peut l\u2019accompagner d'oignon rouge et de piment r\u00f4ti. Un plat bien pens\u00e9 qui vise \u00e0 se positionner et qui offre \u00e9galement quelque chose aux v\u00e9g\u00e9taliens et aux v\u00e9g\u00e9tariens. Ce plat s'adresse \u00e0 tous, ne manque pas de le manger chez Choko Coffee, situ\u00e9e \u00e0 Pist\u00e9, et au restaurant Yaxkin, situ\u00e9 \u00e0 Xocempich.<\/p><h4>Informations utiles<\/h4><p>Recommandations pour les touristes : Essaye les polcanes lors de ta visite \u00e0 Pist\u00e9.<br \/>Moyens de paiement : Esp\u00e8ces, cartes de cr\u00e9dit et virements bancaires.<br \/>Recommand\u00e9 pour : Familles, couples et personnes handicap\u00e9es.<br \/><strong>Contact:<\/strong>\u00a0<strong><a href=\"http:\/\/www.facebook.com\/choko.coffe?mibextid=ZbWKwL\">Facebook<\/a>, <a href=\"http:\/\/instagram.com\/cafeteria_chokocoffee?igshid=YmMyMTA2M2Y=\">Instagram<\/a>.<br \/><\/strong><\/p><\/div><\/div>\n\n\t<\/div>\n<\/section><section class=\"fw-main-row padding-only-desktop\"  >\n\t<div class=\"fw-container\"  style=\"\" id=\"section_1788183447431565642\" data-title=\"Regiones\">\n\t\t<div class=\"fw-row\">\n\t<div class=\"fw-col-xs-12\" style=\"box-sizing:border-box;\">\n\t<div class=\"fw-heading fw-heading-h6 \">\n\t\t<h6 class='fw-special-title title'>R\u00e9gions<\/h6>\t<\/div><\/div><\/div>\n\n<div class=\"fw-row\">\n\t<div class=\"fw-col-xs-12\" style=\"box-sizing:border-box;\">\n\t  <div class=\"link-list\">\n    <a href=\"https:\/\/yucatantravel.epconsulting.mx\/fr\/?post_type=regions&p=2729\">\n                        <i class=\"icon-\"><\/i>\n                Capitale du monde maya      <\/a>  <\/div>\n<\/div><\/div>\n\n\t<\/div>\n<\/section><\/p>\n","protected":false},"excerpt":{"rendered":"<p>En septembre 2022 dans la ville de Pist\u00e9, lors de la Foire du Polc\u00e1n(beignet sal\u00e9), a surgi le polc\u00e1n v\u00e9g\u00e9talien. Le premier prix a \u00e9t\u00e9 d\u00e9cern\u00e9 \u00e0 Choko Coffee pour la cr\u00e9ation d\u2019une version v\u00e9g\u00e9talienne. Il est pr\u00e9par\u00e9 avec de la p\u00e2te de ma\u00efs blanche, \u00e0 laquelle on donne une forme ovale avec des haricots [&hellip;]<\/p>\n","protected":false},"featured_media":46935,"template":"","class_list":["post-56464","flavors","type-flavors","status-publish","has-post-thumbnail","hentry","flav-cocina-contemporary-flavours-fr"],"yoast_head":"<!-- This site is optimized with the Yoast SEO plugin v28.3 - https:\/\/yoast.com\/product\/yoast-seo-wordpress\/ -->\n<title>365 saveurs au Yucatan - No. 246 Polc\u00e1n v\u00e9g\u00e9talien : avec des l\u00e9gumes et du sikilpak<\/title>\n<meta name=\"description\" content=\"En septembre 2022 dans la ville de Pist\u00e9, lors de la Foire du Polc\u00e1n(beignet sal\u00e9), a surgi le polc\u00e1n v\u00e9g\u00e9talien. Le premier prix a \u00e9t\u00e9...\" \/>\n<meta name=\"robots\" content=\"index, follow, max-snippet:-1, max-image-preview:large, max-video-preview:-1\" \/>\n<link rel=\"canonical\" href=\"https:\/\/yucatantravel.epconsulting.mx\/fr\/flavor\/246-polcan-vegetalien-avec-des-legumes-et-du-sikilpak\/\" \/>\n<meta property=\"og:locale\" content=\"fr_FR\" \/>\n<meta property=\"og:type\" content=\"article\" \/>\n<meta property=\"og:title\" content=\"365 saveurs au Yucatan - No. 246 Polc\u00e1n v\u00e9g\u00e9talien : avec des l\u00e9gumes et du sikilpak\" \/>\n<meta property=\"og:description\" content=\"En septembre 2022 dans la ville de Pist\u00e9, lors de la Foire du Polc\u00e1n(beignet sal\u00e9), a surgi le polc\u00e1n v\u00e9g\u00e9talien. Le premier prix a \u00e9t\u00e9...\" \/>\n<meta property=\"og:url\" content=\"https:\/\/yucatantravel.epconsulting.mx\/fr\/flavor\/246-polcan-vegetalien-avec-des-legumes-et-du-sikilpak\/\" \/>\n<meta property=\"og:site_name\" content=\"Yucatan.Travel\" \/>\n<meta property=\"article:modified_time\" content=\"2024-03-23T06:08:05+00:00\" \/>\n<meta property=\"og:image\" content=\"https:\/\/yucatantravel.epconsulting.mx\/wp-content\/uploads\/2023\/02\/365-sabores-en-yucata\u0301n-Polca\u0301n-vegano-con-verduras-y-sikilpak-4.jpg\" \/>\n\t<meta property=\"og:image:width\" content=\"1920\" \/>\n\t<meta property=\"og:image:height\" content=\"1280\" \/>\n\t<meta property=\"og:image:type\" content=\"image\/jpeg\" \/>\n<meta name=\"twitter:card\" content=\"summary_large_image\" \/>\n<meta name=\"twitter:label1\" content=\"Dur\u00e9e de lecture estim\u00e9e\" \/>\n\t<meta name=\"twitter:data1\" content=\"2 minutes\" \/>\n<script type=\"application\/ld+json\" class=\"yoast-schema-graph\">{\"@context\":\"https:\\\/\\\/schema.org\",\"@graph\":[{\"@type\":\"WebPage\",\"@id\":\"https:\\\/\\\/yucatantravel.epconsulting.mx\\\/fr\\\/flavor\\\/246-polcan-vegetalien-avec-des-legumes-et-du-sikilpak\\\/\",\"url\":\"https:\\\/\\\/yucatantravel.epconsulting.mx\\\/fr\\\/flavor\\\/246-polcan-vegetalien-avec-des-legumes-et-du-sikilpak\\\/\",\"name\":\"365 saveurs au Yucatan - No. 246 Polc\u00e1n v\u00e9g\u00e9talien : avec des l\u00e9gumes et du sikilpak\",\"isPartOf\":{\"@id\":\"https:\\\/\\\/yucatantravel.epconsulting.mx\\\/#website\"},\"primaryImageOfPage\":{\"@id\":\"https:\\\/\\\/yucatantravel.epconsulting.mx\\\/fr\\\/flavor\\\/246-polcan-vegetalien-avec-des-legumes-et-du-sikilpak\\\/#primaryimage\"},\"image\":{\"@id\":\"https:\\\/\\\/yucatantravel.epconsulting.mx\\\/fr\\\/flavor\\\/246-polcan-vegetalien-avec-des-legumes-et-du-sikilpak\\\/#primaryimage\"},\"thumbnailUrl\":\"https:\\\/\\\/yucatantravel.epconsulting.mx\\\/wp-content\\\/uploads\\\/2023\\\/02\\\/365-sabores-en-yucata\u0301n-Polca\u0301n-vegano-con-verduras-y-sikilpak-4.jpg\",\"datePublished\":\"2020-11-27T23:54:10+00:00\",\"dateModified\":\"2024-03-23T06:08:05+00:00\",\"description\":\"En septembre 2022 dans la ville de Pist\u00e9, lors de la Foire du Polc\u00e1n(beignet sal\u00e9), a surgi le polc\u00e1n v\u00e9g\u00e9talien. Le premier prix a \u00e9t\u00e9...\",\"breadcrumb\":{\"@id\":\"https:\\\/\\\/yucatantravel.epconsulting.mx\\\/fr\\\/flavor\\\/246-polcan-vegetalien-avec-des-legumes-et-du-sikilpak\\\/#breadcrumb\"},\"inLanguage\":\"fr-FR\",\"potentialAction\":[{\"@type\":\"ReadAction\",\"target\":[\"https:\\\/\\\/yucatantravel.epconsulting.mx\\\/fr\\\/flavor\\\/246-polcan-vegetalien-avec-des-legumes-et-du-sikilpak\\\/\"]}]},{\"@type\":\"ImageObject\",\"inLanguage\":\"fr-FR\",\"@id\":\"https:\\\/\\\/yucatantravel.epconsulting.mx\\\/fr\\\/flavor\\\/246-polcan-vegetalien-avec-des-legumes-et-du-sikilpak\\\/#primaryimage\",\"url\":\"https:\\\/\\\/yucatantravel.epconsulting.mx\\\/wp-content\\\/uploads\\\/2023\\\/02\\\/365-sabores-en-yucata\u0301n-Polca\u0301n-vegano-con-verduras-y-sikilpak-4.jpg\",\"contentUrl\":\"https:\\\/\\\/yucatantravel.epconsulting.mx\\\/wp-content\\\/uploads\\\/2023\\\/02\\\/365-sabores-en-yucata\u0301n-Polca\u0301n-vegano-con-verduras-y-sikilpak-4.jpg\",\"width\":1920,\"height\":1280},{\"@type\":\"BreadcrumbList\",\"@id\":\"https:\\\/\\\/yucatantravel.epconsulting.mx\\\/fr\\\/flavor\\\/246-polcan-vegetalien-avec-des-legumes-et-du-sikilpak\\\/#breadcrumb\",\"itemListElement\":[{\"@type\":\"ListItem\",\"position\":1,\"name\":\"Flavors\",\"item\":\"https:\\\/\\\/yucatantravel.epconsulting.mx\\\/sabores\\\/\"},{\"@type\":\"ListItem\",\"position\":2,\"name\":\"No. 246 Polc\u00e1n v\u00e9g\u00e9talien : avec des l\u00e9gumes et du sikilpak\"}]},{\"@type\":\"WebSite\",\"@id\":\"https:\\\/\\\/yucatantravel.epconsulting.mx\\\/#website\",\"url\":\"https:\\\/\\\/yucatantravel.epconsulting.mx\\\/\",\"name\":\"Yucatan.Travel\",\"description\":\"Just another WordPress site\",\"potentialAction\":[{\"@type\":\"SearchAction\",\"target\":{\"@type\":\"EntryPoint\",\"urlTemplate\":\"https:\\\/\\\/yucatantravel.epconsulting.mx\\\/?s={search_term_string}\"},\"query-input\":{\"@type\":\"PropertyValueSpecification\",\"valueRequired\":true,\"valueName\":\"search_term_string\"}}],\"inLanguage\":\"fr-FR\"}]}<\/script>\n<!-- \/ Yoast SEO plugin. -->","yoast_head_json":{"title":"365 saveurs au Yucatan - No. 246 Polc\u00e1n v\u00e9g\u00e9talien : avec des l\u00e9gumes et du sikilpak","description":"En septembre 2022 dans la ville de Pist\u00e9, lors de la Foire du Polc\u00e1n(beignet sal\u00e9), a surgi le polc\u00e1n v\u00e9g\u00e9talien. Le premier prix a \u00e9t\u00e9...","robots":{"index":"index","follow":"follow","max-snippet":"max-snippet:-1","max-image-preview":"max-image-preview:large","max-video-preview":"max-video-preview:-1"},"canonical":"https:\/\/yucatantravel.epconsulting.mx\/fr\/flavor\/246-polcan-vegetalien-avec-des-legumes-et-du-sikilpak\/","og_locale":"fr_FR","og_type":"article","og_title":"365 saveurs au Yucatan - No. 246 Polc\u00e1n v\u00e9g\u00e9talien : avec des l\u00e9gumes et du sikilpak","og_description":"En septembre 2022 dans la ville de Pist\u00e9, lors de la Foire du Polc\u00e1n(beignet sal\u00e9), a surgi le polc\u00e1n v\u00e9g\u00e9talien. Le premier prix a \u00e9t\u00e9...","og_url":"https:\/\/yucatantravel.epconsulting.mx\/fr\/flavor\/246-polcan-vegetalien-avec-des-legumes-et-du-sikilpak\/","og_site_name":"Yucatan.Travel","article_modified_time":"2024-03-23T06:08:05+00:00","og_image":[{"width":1920,"height":1280,"url":"https:\/\/yucatantravel.epconsulting.mx\/wp-content\/uploads\/2023\/02\/365-sabores-en-yucata\u0301n-Polca\u0301n-vegano-con-verduras-y-sikilpak-4.jpg","type":"image\/jpeg"}],"twitter_card":"summary_large_image","twitter_misc":{"Dur\u00e9e de lecture estim\u00e9e":"2 minutes"},"schema":{"@context":"https:\/\/schema.org","@graph":[{"@type":"WebPage","@id":"https:\/\/yucatantravel.epconsulting.mx\/fr\/flavor\/246-polcan-vegetalien-avec-des-legumes-et-du-sikilpak\/","url":"https:\/\/yucatantravel.epconsulting.mx\/fr\/flavor\/246-polcan-vegetalien-avec-des-legumes-et-du-sikilpak\/","name":"365 saveurs au Yucatan - No. 246 Polc\u00e1n v\u00e9g\u00e9talien : avec des l\u00e9gumes et du sikilpak","isPartOf":{"@id":"https:\/\/yucatantravel.epconsulting.mx\/#website"},"primaryImageOfPage":{"@id":"https:\/\/yucatantravel.epconsulting.mx\/fr\/flavor\/246-polcan-vegetalien-avec-des-legumes-et-du-sikilpak\/#primaryimage"},"image":{"@id":"https:\/\/yucatantravel.epconsulting.mx\/fr\/flavor\/246-polcan-vegetalien-avec-des-legumes-et-du-sikilpak\/#primaryimage"},"thumbnailUrl":"https:\/\/yucatantravel.epconsulting.mx\/wp-content\/uploads\/2023\/02\/365-sabores-en-yucata\u0301n-Polca\u0301n-vegano-con-verduras-y-sikilpak-4.jpg","datePublished":"2020-11-27T23:54:10+00:00","dateModified":"2024-03-23T06:08:05+00:00","description":"En septembre 2022 dans la ville de Pist\u00e9, lors de la Foire du Polc\u00e1n(beignet sal\u00e9), a surgi le polc\u00e1n v\u00e9g\u00e9talien. Le premier prix a \u00e9t\u00e9...","breadcrumb":{"@id":"https:\/\/yucatantravel.epconsulting.mx\/fr\/flavor\/246-polcan-vegetalien-avec-des-legumes-et-du-sikilpak\/#breadcrumb"},"inLanguage":"fr-FR","potentialAction":[{"@type":"ReadAction","target":["https:\/\/yucatantravel.epconsulting.mx\/fr\/flavor\/246-polcan-vegetalien-avec-des-legumes-et-du-sikilpak\/"]}]},{"@type":"ImageObject","inLanguage":"fr-FR","@id":"https:\/\/yucatantravel.epconsulting.mx\/fr\/flavor\/246-polcan-vegetalien-avec-des-legumes-et-du-sikilpak\/#primaryimage","url":"https:\/\/yucatantravel.epconsulting.mx\/wp-content\/uploads\/2023\/02\/365-sabores-en-yucata\u0301n-Polca\u0301n-vegano-con-verduras-y-sikilpak-4.jpg","contentUrl":"https:\/\/yucatantravel.epconsulting.mx\/wp-content\/uploads\/2023\/02\/365-sabores-en-yucata\u0301n-Polca\u0301n-vegano-con-verduras-y-sikilpak-4.jpg","width":1920,"height":1280},{"@type":"BreadcrumbList","@id":"https:\/\/yucatantravel.epconsulting.mx\/fr\/flavor\/246-polcan-vegetalien-avec-des-legumes-et-du-sikilpak\/#breadcrumb","itemListElement":[{"@type":"ListItem","position":1,"name":"Flavors","item":"https:\/\/yucatantravel.epconsulting.mx\/sabores\/"},{"@type":"ListItem","position":2,"name":"No. 246 Polc\u00e1n v\u00e9g\u00e9talien : avec des l\u00e9gumes et du sikilpak"}]},{"@type":"WebSite","@id":"https:\/\/yucatantravel.epconsulting.mx\/#website","url":"https:\/\/yucatantravel.epconsulting.mx\/","name":"Yucatan.Travel","description":"Just another WordPress site","potentialAction":[{"@type":"SearchAction","target":{"@type":"EntryPoint","urlTemplate":"https:\/\/yucatantravel.epconsulting.mx\/?s={search_term_string}"},"query-input":{"@type":"PropertyValueSpecification","valueRequired":true,"valueName":"search_term_string"}}],"inLanguage":"fr-FR"}]}},"_links":{"self":[{"href":"https:\/\/yucatantravel.epconsulting.mx\/fr\/wp-json\/wp\/v2\/flavors\/56464","targetHints":{"allow":["GET"]}}],"collection":[{"href":"https:\/\/yucatantravel.epconsulting.mx\/fr\/wp-json\/wp\/v2\/flavors"}],"about":[{"href":"https:\/\/yucatantravel.epconsulting.mx\/fr\/wp-json\/wp\/v2\/types\/flavors"}],"wp:featuredmedia":[{"embeddable":true,"href":"https:\/\/yucatantravel.epconsulting.mx\/fr\/wp-json\/wp\/v2\/media\/46935"}],"wp:attachment":[{"href":"https:\/\/yucatantravel.epconsulting.mx\/fr\/wp-json\/wp\/v2\/media?parent=56464"}],"curies":[{"name":"wp","href":"https:\/\/api.w.org\/{rel}","templated":true}]}}