{"id":56406,"date":"2021-12-01T20:48:49","date_gmt":"2021-12-01T20:48:49","guid":{"rendered":"https:\/\/yucatantravel.epconsulting.mx\/flavor\/214-mercado-tradicional-de-oxkutzcab\/"},"modified":"2024-03-23T04:53:41","modified_gmt":"2024-03-23T04:53:41","slug":"214-marche-traditionnel-doxkutzcab","status":"publish","type":"flavors","link":"https:\/\/yucatantravel.epconsulting.mx\/fr\/flavor\/214-marche-traditionnel-doxkutzcab\/","title":{"rendered":"No. 214 March\u00e9 traditionnel d&rsquo;Oxkutzcab"},"content":{"rendered":"<p><section class=\"fw-main-row padding-only-desktop\"  >\n\t<div class=\"fw-container\"  style=\"\" id=\"section_1788182266389064559\" data-title=\"Texto experiencia\">\n\t\t<div class=\"fw-row\">\n\t<div class=\"fw-col-xs-12\" style=\"box-sizing:border-box;\">\n\t<p>Le march\u00e9 appel\u00e9 20 novembre a \u00e9t\u00e9 inaugur\u00e9 par le maire H\u00e9ctor Doroteo L\u00f3pez Contreras le 20 novembre 1972, d\u2019o\u00f9 son nom. Aujourd'hui, il est plus connu sous le nom de \"potager de l'\u00c9tat\" pour sa grande distribution de fruits, d'agrumes et de l\u00e9gumes provenant d'une grande partie de la p\u00e9ninsule, et o\u00f9 l'on peut manger la gastronomie typique du Yucatan tel que les huevos motule\u00f1os pour le petit-d\u00e9jeuner et les salbutes de relleno negro. Ce march\u00e9, en plus de servir les saveurs uniques du Yucatan, abrite \u00e9galement une grande peinture murale r\u00e9alis\u00e9e par l'artiste maya appel\u00e9 Baas, qui a voulu rendre hommage \u00e0 la gastronomie et aux traditions du Yucatan, ainsi qu'\u00e0 la grande vari\u00e9t\u00e9 de fruits qu\u2019on y r\u00e9colte. D\u00e9couvre cette \u0153uvre d'art \u00e0 l'entr\u00e9e de ce lieu singulier. En d\u00e9cembre, rends-toi \u00e0 la foire aux oranges d\u2019Oxkutzcab et laisse-toi surprendre. Tu y trouveras des chars, des ch\u00e2teaux, des arcs, des r\u00e9pliques d'\u00e9glises et bien d'autres choses encore, tous faits avec des oranges, des pamplemousses, des citrons et des fruits tropicaux, tu vas adorer !<\/p><h4>Informations utiles<\/h4><p>Comprend : grande vari\u00e9t\u00e9 d'\u00e9tals de nourriture traditionnelle, fruits et l\u00e9gumes de saison.<br \/>Recommandations aux touristes : Visiter le march\u00e9 local, la foire aux oranges et le carnaval.<br \/>Moyens de paiement : Esp\u00e8ces.<br \/>Recommand\u00e9 pour : Familles, couples et personnes handicap\u00e9es.<\/p><\/div><\/div>\n\n\t<\/div>\n<\/section><section class=\"fw-main-row padding-only-desktop\"  >\n\t<div class=\"fw-container\"  style=\"\" id=\"section_1788182266907634894\" data-title=\"Regiones\">\n\t\t<div class=\"fw-row\">\n\t<div class=\"fw-col-xs-12\" style=\"box-sizing:border-box;\">\n\t<div class=\"fw-heading fw-heading-h6 \">\n\t\t<h6 class='fw-special-title title'>R\u00e9gions<\/h6>\t<\/div><\/div><\/div>\n\n<div class=\"fw-row\">\n\t<div class=\"fw-col-xs-12\" style=\"box-sizing:border-box;\">\n\t  <div class=\"link-list\">\n    <a href=\"https:\/\/yucatantravel.epconsulting.mx\/fr\/?post_type=regions&p=2723\">\n                        <i class=\"icon-\"><\/i>\n                Route du Puuc et villages mayas      <\/a>  <\/div>\n<\/div><\/div>\n\n\t<\/div>\n<\/section><\/p>\n","protected":false},"excerpt":{"rendered":"<p>Le march\u00e9 appel\u00e9 20 novembre a \u00e9t\u00e9 inaugur\u00e9 par le maire H\u00e9ctor Doroteo L\u00f3pez Contreras le 20 novembre 1972, d\u2019o\u00f9 son nom. Aujourd&rsquo;hui, il est plus connu sous le nom de \u00ab\u00a0potager de l&rsquo;\u00c9tat\u00a0\u00bb pour sa grande distribution de fruits, d&rsquo;agrumes et de l\u00e9gumes provenant d&rsquo;une grande partie de la p\u00e9ninsule, et o\u00f9 l&rsquo;on peut [&hellip;]<\/p>\n","protected":false},"featured_media":45184,"template":"","class_list":["post-56406","flavors","type-flavors","status-publish","has-post-thumbnail","hentry","flav-category-ruta-puuc-y-aldeas-mayas-fr","flav-activities-marches-fr","flav-regions-ruta-puuc-y-aldeas-mayas-fr","flav-cocina-traditional-flavours-fr"],"yoast_head":"<!-- This site is optimized with the Yoast SEO plugin v28.3 - https:\/\/yoast.com\/product\/yoast-seo-wordpress\/ -->\n<title>365 saveurs au Yucatan - No. 214 March\u00e9 traditionnel d&#039;Oxkutzcab<\/title>\n<meta name=\"description\" content=\"Le march\u00e9 appel\u00e9 20 novembre a \u00e9t\u00e9 inaugur\u00e9 par le maire H\u00e9ctor Doroteo L\u00f3pez Contreras le 20 novembre 1972, d\u2019o\u00f9 son nom.\" \/>\n<meta name=\"robots\" content=\"index, follow, max-snippet:-1, max-image-preview:large, max-video-preview:-1\" \/>\n<link rel=\"canonical\" href=\"https:\/\/yucatantravel.epconsulting.mx\/sabores\/214-mercado-tradicional-de-oxkutzcab\/\" \/>\n<meta property=\"og:locale\" content=\"fr_FR\" \/>\n<meta property=\"og:type\" content=\"article\" \/>\n<meta property=\"og:title\" content=\"365 saveurs au Yucatan - No. 214 March\u00e9 traditionnel d&#039;Oxkutzcab\" \/>\n<meta property=\"og:description\" content=\"Le march\u00e9 appel\u00e9 20 novembre a \u00e9t\u00e9 inaugur\u00e9 par le maire H\u00e9ctor Doroteo L\u00f3pez Contreras le 20 novembre 1972, d\u2019o\u00f9 son nom.\" \/>\n<meta property=\"og:url\" content=\"https:\/\/yucatantravel.epconsulting.mx\/sabores\/214-mercado-tradicional-de-oxkutzcab\/\" \/>\n<meta property=\"og:site_name\" content=\"Yucatan.Travel\" \/>\n<meta property=\"article:modified_time\" content=\"2024-03-23T04:53:41+00:00\" \/>\n<meta property=\"og:image\" content=\"https:\/\/yucatantravel.epconsulting.mx\/wp-content\/uploads\/2021\/12\/365-sabores-en-yucata\u0301n-Mercado-tradicional-Oxkutzcabjpg-10.jpg\" \/>\n\t<meta property=\"og:image:width\" content=\"1920\" \/>\n\t<meta property=\"og:image:height\" content=\"1536\" \/>\n\t<meta property=\"og:image:type\" content=\"image\/jpeg\" \/>\n<meta name=\"twitter:card\" content=\"summary_large_image\" \/>\n<meta name=\"twitter:label1\" content=\"Dur\u00e9e de lecture estim\u00e9e\" \/>\n\t<meta name=\"twitter:data1\" content=\"2 minutes\" \/>\n<script type=\"application\/ld+json\" class=\"yoast-schema-graph\">{\"@context\":\"https:\\\/\\\/schema.org\",\"@graph\":[{\"@type\":\"WebPage\",\"@id\":\"https:\\\/\\\/yucatantravel.epconsulting.mx\\\/sabores\\\/214-mercado-tradicional-de-oxkutzcab\\\/\",\"url\":\"https:\\\/\\\/yucatantravel.epconsulting.mx\\\/sabores\\\/214-mercado-tradicional-de-oxkutzcab\\\/\",\"name\":\"365 saveurs au Yucatan - No. 214 March\u00e9 traditionnel d'Oxkutzcab\",\"isPartOf\":{\"@id\":\"https:\\\/\\\/yucatantravel.epconsulting.mx\\\/#website\"},\"primaryImageOfPage\":{\"@id\":\"https:\\\/\\\/yucatantravel.epconsulting.mx\\\/sabores\\\/214-mercado-tradicional-de-oxkutzcab\\\/#primaryimage\"},\"image\":{\"@id\":\"https:\\\/\\\/yucatantravel.epconsulting.mx\\\/sabores\\\/214-mercado-tradicional-de-oxkutzcab\\\/#primaryimage\"},\"thumbnailUrl\":\"https:\\\/\\\/yucatantravel.epconsulting.mx\\\/wp-content\\\/uploads\\\/2021\\\/12\\\/365-sabores-en-yucata\u0301n-Mercado-tradicional-Oxkutzcabjpg-10.jpg\",\"datePublished\":\"2021-12-01T20:48:49+00:00\",\"dateModified\":\"2024-03-23T04:53:41+00:00\",\"description\":\"Le march\u00e9 appel\u00e9 20 novembre a \u00e9t\u00e9 inaugur\u00e9 par le maire H\u00e9ctor Doroteo L\u00f3pez Contreras le 20 novembre 1972, d\u2019o\u00f9 son nom.\",\"breadcrumb\":{\"@id\":\"https:\\\/\\\/yucatantravel.epconsulting.mx\\\/sabores\\\/214-mercado-tradicional-de-oxkutzcab\\\/#breadcrumb\"},\"inLanguage\":\"fr-FR\",\"potentialAction\":[{\"@type\":\"ReadAction\",\"target\":[\"https:\\\/\\\/yucatantravel.epconsulting.mx\\\/sabores\\\/214-mercado-tradicional-de-oxkutzcab\\\/\"]}]},{\"@type\":\"ImageObject\",\"inLanguage\":\"fr-FR\",\"@id\":\"https:\\\/\\\/yucatantravel.epconsulting.mx\\\/sabores\\\/214-mercado-tradicional-de-oxkutzcab\\\/#primaryimage\",\"url\":\"https:\\\/\\\/yucatantravel.epconsulting.mx\\\/wp-content\\\/uploads\\\/2021\\\/12\\\/365-sabores-en-yucata\u0301n-Mercado-tradicional-Oxkutzcabjpg-10.jpg\",\"contentUrl\":\"https:\\\/\\\/yucatantravel.epconsulting.mx\\\/wp-content\\\/uploads\\\/2021\\\/12\\\/365-sabores-en-yucata\u0301n-Mercado-tradicional-Oxkutzcabjpg-10.jpg\",\"width\":1920,\"height\":1536},{\"@type\":\"BreadcrumbList\",\"@id\":\"https:\\\/\\\/yucatantravel.epconsulting.mx\\\/sabores\\\/214-mercado-tradicional-de-oxkutzcab\\\/#breadcrumb\",\"itemListElement\":[{\"@type\":\"ListItem\",\"position\":1,\"name\":\"Flavors\",\"item\":\"https:\\\/\\\/yucatantravel.epconsulting.mx\\\/sabores\\\/\"},{\"@type\":\"ListItem\",\"position\":2,\"name\":\"No. 214 March\u00e9 traditionnel d&#8217;Oxkutzcab\"}]},{\"@type\":\"WebSite\",\"@id\":\"https:\\\/\\\/yucatantravel.epconsulting.mx\\\/#website\",\"url\":\"https:\\\/\\\/yucatantravel.epconsulting.mx\\\/\",\"name\":\"Yucatan.Travel\",\"description\":\"Just another WordPress site\",\"potentialAction\":[{\"@type\":\"SearchAction\",\"target\":{\"@type\":\"EntryPoint\",\"urlTemplate\":\"https:\\\/\\\/yucatantravel.epconsulting.mx\\\/?s={search_term_string}\"},\"query-input\":{\"@type\":\"PropertyValueSpecification\",\"valueRequired\":true,\"valueName\":\"search_term_string\"}}],\"inLanguage\":\"fr-FR\"}]}<\/script>\n<!-- \/ Yoast SEO plugin. -->","yoast_head_json":{"title":"365 saveurs au Yucatan - No. 214 March\u00e9 traditionnel d'Oxkutzcab","description":"Le march\u00e9 appel\u00e9 20 novembre a \u00e9t\u00e9 inaugur\u00e9 par le maire H\u00e9ctor Doroteo L\u00f3pez Contreras le 20 novembre 1972, d\u2019o\u00f9 son nom.","robots":{"index":"index","follow":"follow","max-snippet":"max-snippet:-1","max-image-preview":"max-image-preview:large","max-video-preview":"max-video-preview:-1"},"canonical":"https:\/\/yucatantravel.epconsulting.mx\/sabores\/214-mercado-tradicional-de-oxkutzcab\/","og_locale":"fr_FR","og_type":"article","og_title":"365 saveurs au Yucatan - No. 214 March\u00e9 traditionnel d'Oxkutzcab","og_description":"Le march\u00e9 appel\u00e9 20 novembre a \u00e9t\u00e9 inaugur\u00e9 par le maire H\u00e9ctor Doroteo L\u00f3pez Contreras le 20 novembre 1972, d\u2019o\u00f9 son nom.","og_url":"https:\/\/yucatantravel.epconsulting.mx\/sabores\/214-mercado-tradicional-de-oxkutzcab\/","og_site_name":"Yucatan.Travel","article_modified_time":"2024-03-23T04:53:41+00:00","og_image":[{"width":1920,"height":1536,"url":"https:\/\/yucatantravel.epconsulting.mx\/wp-content\/uploads\/2021\/12\/365-sabores-en-yucata\u0301n-Mercado-tradicional-Oxkutzcabjpg-10.jpg","type":"image\/jpeg"}],"twitter_card":"summary_large_image","twitter_misc":{"Dur\u00e9e de lecture estim\u00e9e":"2 minutes"},"schema":{"@context":"https:\/\/schema.org","@graph":[{"@type":"WebPage","@id":"https:\/\/yucatantravel.epconsulting.mx\/sabores\/214-mercado-tradicional-de-oxkutzcab\/","url":"https:\/\/yucatantravel.epconsulting.mx\/sabores\/214-mercado-tradicional-de-oxkutzcab\/","name":"365 saveurs au Yucatan - No. 214 March\u00e9 traditionnel d'Oxkutzcab","isPartOf":{"@id":"https:\/\/yucatantravel.epconsulting.mx\/#website"},"primaryImageOfPage":{"@id":"https:\/\/yucatantravel.epconsulting.mx\/sabores\/214-mercado-tradicional-de-oxkutzcab\/#primaryimage"},"image":{"@id":"https:\/\/yucatantravel.epconsulting.mx\/sabores\/214-mercado-tradicional-de-oxkutzcab\/#primaryimage"},"thumbnailUrl":"https:\/\/yucatantravel.epconsulting.mx\/wp-content\/uploads\/2021\/12\/365-sabores-en-yucata\u0301n-Mercado-tradicional-Oxkutzcabjpg-10.jpg","datePublished":"2021-12-01T20:48:49+00:00","dateModified":"2024-03-23T04:53:41+00:00","description":"Le march\u00e9 appel\u00e9 20 novembre a \u00e9t\u00e9 inaugur\u00e9 par le maire H\u00e9ctor Doroteo L\u00f3pez Contreras le 20 novembre 1972, d\u2019o\u00f9 son nom.","breadcrumb":{"@id":"https:\/\/yucatantravel.epconsulting.mx\/sabores\/214-mercado-tradicional-de-oxkutzcab\/#breadcrumb"},"inLanguage":"fr-FR","potentialAction":[{"@type":"ReadAction","target":["https:\/\/yucatantravel.epconsulting.mx\/sabores\/214-mercado-tradicional-de-oxkutzcab\/"]}]},{"@type":"ImageObject","inLanguage":"fr-FR","@id":"https:\/\/yucatantravel.epconsulting.mx\/sabores\/214-mercado-tradicional-de-oxkutzcab\/#primaryimage","url":"https:\/\/yucatantravel.epconsulting.mx\/wp-content\/uploads\/2021\/12\/365-sabores-en-yucata\u0301n-Mercado-tradicional-Oxkutzcabjpg-10.jpg","contentUrl":"https:\/\/yucatantravel.epconsulting.mx\/wp-content\/uploads\/2021\/12\/365-sabores-en-yucata\u0301n-Mercado-tradicional-Oxkutzcabjpg-10.jpg","width":1920,"height":1536},{"@type":"BreadcrumbList","@id":"https:\/\/yucatantravel.epconsulting.mx\/sabores\/214-mercado-tradicional-de-oxkutzcab\/#breadcrumb","itemListElement":[{"@type":"ListItem","position":1,"name":"Flavors","item":"https:\/\/yucatantravel.epconsulting.mx\/sabores\/"},{"@type":"ListItem","position":2,"name":"No. 214 March\u00e9 traditionnel d&#8217;Oxkutzcab"}]},{"@type":"WebSite","@id":"https:\/\/yucatantravel.epconsulting.mx\/#website","url":"https:\/\/yucatantravel.epconsulting.mx\/","name":"Yucatan.Travel","description":"Just another WordPress site","potentialAction":[{"@type":"SearchAction","target":{"@type":"EntryPoint","urlTemplate":"https:\/\/yucatantravel.epconsulting.mx\/?s={search_term_string}"},"query-input":{"@type":"PropertyValueSpecification","valueRequired":true,"valueName":"search_term_string"}}],"inLanguage":"fr-FR"}]}},"_links":{"self":[{"href":"https:\/\/yucatantravel.epconsulting.mx\/fr\/wp-json\/wp\/v2\/flavors\/56406","targetHints":{"allow":["GET"]}}],"collection":[{"href":"https:\/\/yucatantravel.epconsulting.mx\/fr\/wp-json\/wp\/v2\/flavors"}],"about":[{"href":"https:\/\/yucatantravel.epconsulting.mx\/fr\/wp-json\/wp\/v2\/types\/flavors"}],"wp:featuredmedia":[{"embeddable":true,"href":"https:\/\/yucatantravel.epconsulting.mx\/fr\/wp-json\/wp\/v2\/media\/45184"}],"wp:attachment":[{"href":"https:\/\/yucatantravel.epconsulting.mx\/fr\/wp-json\/wp\/v2\/media?parent=56406"}],"curies":[{"name":"wp","href":"https:\/\/api.w.org\/{rel}","templated":true}]}}