{"id":56251,"date":"2021-12-12T15:48:40","date_gmt":"2021-12-12T15:48:40","guid":{"rendered":"https:\/\/yucatantravel.epconsulting.mx\/flavor\/140-omelette-de-mariscos-en-el-mercado-de-celestun\/"},"modified":"2024-03-22T23:52:03","modified_gmt":"2024-03-22T23:52:03","slug":"140-omelette-aux-fruits-de-mer-au-marche-de-celestun","status":"publish","type":"flavors","link":"https:\/\/yucatan.travel\/fr\/flavor\/140-omelette-aux-fruits-de-mer-au-marche-de-celestun\/","title":{"rendered":"No. 140 Omelette aux fruits de mer au march\u00e9 de Celest\u00fan"},"content":{"rendered":"<p><section class=\"fw-main-row padding-only-desktop\"  >\n\t<div class=\"fw-container\"  style=\"\" id=\"section_1788212436470014647\" data-title=\"Texto experiencia\">\n\t\t<div class=\"fw-row\">\n\t<div class=\"fw-col-xs-12\" style=\"box-sizing:border-box;\">\n\t<p>La cuisini\u00e8re traditionnelle originaire du port de Celest\u00fan, Mme Isabel Bacab a 15 ans d'exp\u00e9rience, elle propose un menu de fruits de mer compos\u00e9 de diff\u00e9rents plats \u00e0 tous ceux qui viennent au port. Sa loncher\u00eda (snack-bar) appel\u00e9e La Chabelita, se trouve au \u00a0march\u00e9 traditionnel, en face du parc principal de Celest\u00fan. Un plat particulier du menu est l'omelette aux fruits de mer, qui est tremp\u00e9e dans de l'orange acidul\u00e9e, du poivre et de l'ail ; une fois pr\u00eate, elle est battue avec de l'\u0153uf, et avec un peu d'huile, elle est mise dans la po\u00eale \u00e0 frire pour faire l'omelette. Ce plat est servi avec des haricots, du chou, de l'oignon et du piment, selon les go\u00fbts de chacun. Le restaurant propose des boissons non alcoolis\u00e9es en bouteille et des eaux fruit\u00e9es de saison. Il y a \u00e9galement des empanadas, des panuchos et des salbutes de roussette ou de raie. Ne manque pas ces plats fusion lors de ta visite \u00e0 Celest\u00fan.<\/p><h4>Informations utiles<\/h4><p>Comprend : D\u00e9jeuner avec menu de fruits de mer, chaises et tables.<br \/>Recommandations pour les touristes : Essaye les options du menu.<br \/>Moyens de paiement : Esp\u00e8ces.<br \/>Recommand\u00e9 pour : Familles, couples et personnes handicap\u00e9es.<\/p><\/div><\/div>\n\n\t<\/div>\n<\/section><section class=\"fw-main-row padding-only-desktop\"  >\n\t<div class=\"fw-container\"  style=\"\" id=\"section_17882124361838781005\" data-title=\"Regiones\">\n\t\t<div class=\"fw-row\">\n\t<div class=\"fw-col-xs-12\" style=\"box-sizing:border-box;\">\n\t<div class=\"fw-heading fw-heading-h6 \">\n\t\t<h6 class='fw-special-title title'>R\u00e9gions<\/h6>\t<\/div><\/div><\/div>\n\n<div class=\"fw-row\">\n\t<div class=\"fw-col-xs-12\" style=\"box-sizing:border-box;\">\n\t  <div class=\"link-list\">\n    <a href=\"https:\/\/yucatan.travel\/fr\/region\/riviera-du-yucatan\/\">\n                        <i class=\"icon-\"><\/i>\n                Riviera du Yucatan      <\/a>  <\/div>\n<\/div><\/div>\n\n\t<\/div>\n<\/section><\/p>\n","protected":false},"excerpt":{"rendered":"<p>La cuisini\u00e8re traditionnelle originaire du port de Celest\u00fan, Mme Isabel Bacab a 15 ans d&rsquo;exp\u00e9rience, elle propose un menu de fruits de mer compos\u00e9 de diff\u00e9rents plats \u00e0 tous ceux qui viennent au port. Sa loncher\u00eda (snack-bar) appel\u00e9e La Chabelita, se trouve au \u00a0march\u00e9 traditionnel, en face du parc principal de Celest\u00fan. Un plat particulier [&hellip;]<\/p>\n","protected":false},"featured_media":34891,"template":"","class_list":["post-56251","flavors","type-flavors","status-publish","has-post-thumbnail","hentry","flav-category-riviera-yucatan-fr","flav-regions-riviera-yucatan-fr","flav-cocina-traditional-flavours-fr"],"yoast_head":"<!-- This site is optimized with the Yoast SEO plugin v28.3 - https:\/\/yoast.com\/product\/yoast-seo-wordpress\/ -->\n<title>365 saveurs au Yucatan - No. 140 Omelette aux fruits de mer au march\u00e9 de Celest\u00fan<\/title>\n<meta name=\"description\" content=\"La cuisini\u00e8re traditionnelle originaire du port de Celest\u00fan, Mme Isabel Bacab a 15 ans d&#039;exp\u00e9rience, elle propose un menu de fruits...\" \/>\n<meta name=\"robots\" content=\"index, follow, max-snippet:-1, max-image-preview:large, max-video-preview:-1\" \/>\n<link rel=\"canonical\" href=\"https:\/\/yucatantravel.epconsulting.mx\/fr\/flavor\/140-omelette-aux-fruits-de-mer-au-marche-de-celestun\/\" \/>\n<meta property=\"og:locale\" content=\"fr_FR\" \/>\n<meta property=\"og:type\" content=\"article\" \/>\n<meta property=\"og:title\" content=\"365 saveurs au Yucatan - No. 140 Omelette aux fruits de mer au march\u00e9 de Celest\u00fan\" \/>\n<meta property=\"og:description\" content=\"La cuisini\u00e8re traditionnelle originaire du port de Celest\u00fan, Mme Isabel Bacab a 15 ans d&#039;exp\u00e9rience, elle propose un menu de fruits...\" \/>\n<meta property=\"og:url\" content=\"https:\/\/yucatantravel.epconsulting.mx\/fr\/flavor\/140-omelette-aux-fruits-de-mer-au-marche-de-celestun\/\" \/>\n<meta property=\"og:site_name\" content=\"Yucatan.Travel\" \/>\n<meta property=\"article:modified_time\" content=\"2024-03-22T23:52:03+00:00\" \/>\n<meta property=\"og:image\" content=\"https:\/\/yucatantravel.epconsulting.mx\/wp-content\/uploads\/2021\/12\/365-sabores-en-yucata\u0301n-Omelette-de-mariscos-3.jpg\" \/>\n\t<meta property=\"og:image:width\" content=\"1920\" \/>\n\t<meta property=\"og:image:height\" content=\"1280\" \/>\n\t<meta property=\"og:image:type\" content=\"image\/jpeg\" \/>\n<meta name=\"twitter:card\" content=\"summary_large_image\" \/>\n<meta name=\"twitter:label1\" content=\"Dur\u00e9e de lecture estim\u00e9e\" \/>\n\t<meta name=\"twitter:data1\" content=\"1 minute\" \/>\n<script type=\"application\/ld+json\" class=\"yoast-schema-graph\">{\"@context\":\"https:\\\/\\\/schema.org\",\"@graph\":[{\"@type\":\"WebPage\",\"@id\":\"https:\\\/\\\/yucatantravel.epconsulting.mx\\\/fr\\\/flavor\\\/140-omelette-aux-fruits-de-mer-au-marche-de-celestun\\\/\",\"url\":\"https:\\\/\\\/yucatantravel.epconsulting.mx\\\/fr\\\/flavor\\\/140-omelette-aux-fruits-de-mer-au-marche-de-celestun\\\/\",\"name\":\"365 saveurs au Yucatan - No. 140 Omelette aux fruits de mer au march\u00e9 de Celest\u00fan\",\"isPartOf\":{\"@id\":\"https:\\\/\\\/yucatantravel.epconsulting.mx\\\/#website\"},\"primaryImageOfPage\":{\"@id\":\"https:\\\/\\\/yucatantravel.epconsulting.mx\\\/fr\\\/flavor\\\/140-omelette-aux-fruits-de-mer-au-marche-de-celestun\\\/#primaryimage\"},\"image\":{\"@id\":\"https:\\\/\\\/yucatantravel.epconsulting.mx\\\/fr\\\/flavor\\\/140-omelette-aux-fruits-de-mer-au-marche-de-celestun\\\/#primaryimage\"},\"thumbnailUrl\":\"https:\\\/\\\/yucatan.travel\\\/wp-content\\\/uploads\\\/2021\\\/12\\\/365-sabores-en-yucata\u0301n-Omelette-de-mariscos-3.jpg\",\"datePublished\":\"2021-12-12T15:48:40+00:00\",\"dateModified\":\"2024-03-22T23:52:03+00:00\",\"description\":\"La cuisini\u00e8re traditionnelle originaire du port de Celest\u00fan, Mme Isabel Bacab a 15 ans d'exp\u00e9rience, elle propose un menu de fruits...\",\"breadcrumb\":{\"@id\":\"https:\\\/\\\/yucatantravel.epconsulting.mx\\\/fr\\\/flavor\\\/140-omelette-aux-fruits-de-mer-au-marche-de-celestun\\\/#breadcrumb\"},\"inLanguage\":\"fr-FR\",\"potentialAction\":[{\"@type\":\"ReadAction\",\"target\":[\"https:\\\/\\\/yucatantravel.epconsulting.mx\\\/fr\\\/flavor\\\/140-omelette-aux-fruits-de-mer-au-marche-de-celestun\\\/\"]}]},{\"@type\":\"ImageObject\",\"inLanguage\":\"fr-FR\",\"@id\":\"https:\\\/\\\/yucatantravel.epconsulting.mx\\\/fr\\\/flavor\\\/140-omelette-aux-fruits-de-mer-au-marche-de-celestun\\\/#primaryimage\",\"url\":\"https:\\\/\\\/yucatan.travel\\\/wp-content\\\/uploads\\\/2021\\\/12\\\/365-sabores-en-yucata\u0301n-Omelette-de-mariscos-3.jpg\",\"contentUrl\":\"https:\\\/\\\/yucatan.travel\\\/wp-content\\\/uploads\\\/2021\\\/12\\\/365-sabores-en-yucata\u0301n-Omelette-de-mariscos-3.jpg\",\"width\":1920,\"height\":1280},{\"@type\":\"BreadcrumbList\",\"@id\":\"https:\\\/\\\/yucatantravel.epconsulting.mx\\\/fr\\\/flavor\\\/140-omelette-aux-fruits-de-mer-au-marche-de-celestun\\\/#breadcrumb\",\"itemListElement\":[{\"@type\":\"ListItem\",\"position\":1,\"name\":\"Flavors\",\"item\":\"https:\\\/\\\/yucatantravel.epconsulting.mx\\\/sabores\\\/\"},{\"@type\":\"ListItem\",\"position\":2,\"name\":\"No. 140 Omelette aux fruits de mer au march\u00e9 de Celest\u00fan\"}]},{\"@type\":\"WebSite\",\"@id\":\"https:\\\/\\\/yucatantravel.epconsulting.mx\\\/#website\",\"url\":\"https:\\\/\\\/yucatantravel.epconsulting.mx\\\/\",\"name\":\"Yucatan.Travel\",\"description\":\"Just another WordPress site\",\"potentialAction\":[{\"@type\":\"SearchAction\",\"target\":{\"@type\":\"EntryPoint\",\"urlTemplate\":\"https:\\\/\\\/yucatantravel.epconsulting.mx\\\/?s={search_term_string}\"},\"query-input\":{\"@type\":\"PropertyValueSpecification\",\"valueRequired\":true,\"valueName\":\"search_term_string\"}}],\"inLanguage\":\"fr-FR\"}]}<\/script>\n<!-- \/ Yoast SEO plugin. -->","yoast_head_json":{"title":"365 saveurs au Yucatan - No. 140 Omelette aux fruits de mer au march\u00e9 de Celest\u00fan","description":"La cuisini\u00e8re traditionnelle originaire du port de Celest\u00fan, Mme Isabel Bacab a 15 ans d'exp\u00e9rience, elle propose un menu de fruits...","robots":{"index":"index","follow":"follow","max-snippet":"max-snippet:-1","max-image-preview":"max-image-preview:large","max-video-preview":"max-video-preview:-1"},"canonical":"https:\/\/yucatantravel.epconsulting.mx\/fr\/flavor\/140-omelette-aux-fruits-de-mer-au-marche-de-celestun\/","og_locale":"fr_FR","og_type":"article","og_title":"365 saveurs au Yucatan - No. 140 Omelette aux fruits de mer au march\u00e9 de Celest\u00fan","og_description":"La cuisini\u00e8re traditionnelle originaire du port de Celest\u00fan, Mme Isabel Bacab a 15 ans d'exp\u00e9rience, elle propose un menu de fruits...","og_url":"https:\/\/yucatantravel.epconsulting.mx\/fr\/flavor\/140-omelette-aux-fruits-de-mer-au-marche-de-celestun\/","og_site_name":"Yucatan.Travel","article_modified_time":"2024-03-22T23:52:03+00:00","og_image":[{"width":1920,"height":1280,"url":"https:\/\/yucatantravel.epconsulting.mx\/wp-content\/uploads\/2021\/12\/365-sabores-en-yucata\u0301n-Omelette-de-mariscos-3.jpg","type":"image\/jpeg"}],"twitter_card":"summary_large_image","twitter_misc":{"Dur\u00e9e de lecture estim\u00e9e":"1 minute"},"schema":{"@context":"https:\/\/schema.org","@graph":[{"@type":"WebPage","@id":"https:\/\/yucatantravel.epconsulting.mx\/fr\/flavor\/140-omelette-aux-fruits-de-mer-au-marche-de-celestun\/","url":"https:\/\/yucatantravel.epconsulting.mx\/fr\/flavor\/140-omelette-aux-fruits-de-mer-au-marche-de-celestun\/","name":"365 saveurs au Yucatan - No. 140 Omelette aux fruits de mer au march\u00e9 de Celest\u00fan","isPartOf":{"@id":"https:\/\/yucatantravel.epconsulting.mx\/#website"},"primaryImageOfPage":{"@id":"https:\/\/yucatantravel.epconsulting.mx\/fr\/flavor\/140-omelette-aux-fruits-de-mer-au-marche-de-celestun\/#primaryimage"},"image":{"@id":"https:\/\/yucatantravel.epconsulting.mx\/fr\/flavor\/140-omelette-aux-fruits-de-mer-au-marche-de-celestun\/#primaryimage"},"thumbnailUrl":"https:\/\/yucatan.travel\/wp-content\/uploads\/2021\/12\/365-sabores-en-yucata\u0301n-Omelette-de-mariscos-3.jpg","datePublished":"2021-12-12T15:48:40+00:00","dateModified":"2024-03-22T23:52:03+00:00","description":"La cuisini\u00e8re traditionnelle originaire du port de Celest\u00fan, Mme Isabel Bacab a 15 ans d'exp\u00e9rience, elle propose un menu de fruits...","breadcrumb":{"@id":"https:\/\/yucatantravel.epconsulting.mx\/fr\/flavor\/140-omelette-aux-fruits-de-mer-au-marche-de-celestun\/#breadcrumb"},"inLanguage":"fr-FR","potentialAction":[{"@type":"ReadAction","target":["https:\/\/yucatantravel.epconsulting.mx\/fr\/flavor\/140-omelette-aux-fruits-de-mer-au-marche-de-celestun\/"]}]},{"@type":"ImageObject","inLanguage":"fr-FR","@id":"https:\/\/yucatantravel.epconsulting.mx\/fr\/flavor\/140-omelette-aux-fruits-de-mer-au-marche-de-celestun\/#primaryimage","url":"https:\/\/yucatan.travel\/wp-content\/uploads\/2021\/12\/365-sabores-en-yucata\u0301n-Omelette-de-mariscos-3.jpg","contentUrl":"https:\/\/yucatan.travel\/wp-content\/uploads\/2021\/12\/365-sabores-en-yucata\u0301n-Omelette-de-mariscos-3.jpg","width":1920,"height":1280},{"@type":"BreadcrumbList","@id":"https:\/\/yucatantravel.epconsulting.mx\/fr\/flavor\/140-omelette-aux-fruits-de-mer-au-marche-de-celestun\/#breadcrumb","itemListElement":[{"@type":"ListItem","position":1,"name":"Flavors","item":"https:\/\/yucatantravel.epconsulting.mx\/sabores\/"},{"@type":"ListItem","position":2,"name":"No. 140 Omelette aux fruits de mer au march\u00e9 de Celest\u00fan"}]},{"@type":"WebSite","@id":"https:\/\/yucatantravel.epconsulting.mx\/#website","url":"https:\/\/yucatantravel.epconsulting.mx\/","name":"Yucatan.Travel","description":"Just another WordPress site","potentialAction":[{"@type":"SearchAction","target":{"@type":"EntryPoint","urlTemplate":"https:\/\/yucatantravel.epconsulting.mx\/?s={search_term_string}"},"query-input":{"@type":"PropertyValueSpecification","valueRequired":true,"valueName":"search_term_string"}}],"inLanguage":"fr-FR"}]}},"_links":{"self":[{"href":"https:\/\/yucatan.travel\/fr\/wp-json\/wp\/v2\/flavors\/56251","targetHints":{"allow":["GET"]}}],"collection":[{"href":"https:\/\/yucatan.travel\/fr\/wp-json\/wp\/v2\/flavors"}],"about":[{"href":"https:\/\/yucatan.travel\/fr\/wp-json\/wp\/v2\/types\/flavors"}],"wp:featuredmedia":[{"embeddable":true,"href":"https:\/\/yucatan.travel\/fr\/wp-json\/wp\/v2\/media\/34891"}],"wp:attachment":[{"href":"https:\/\/yucatan.travel\/fr\/wp-json\/wp\/v2\/media?parent=56251"}],"curies":[{"name":"wp","href":"https:\/\/api.w.org\/{rel}","templated":true}]}}