{"id":56230,"date":"2021-12-13T21:00:56","date_gmt":"2021-12-13T21:00:56","guid":{"rendered":"https:\/\/yucatantravel.epconsulting.mx\/flavor\/129-cebollas-negras-tempura-de-recado-negro\/"},"modified":"2024-03-22T22:55:18","modified_gmt":"2024-03-22T22:55:18","slug":"129-tempura-doignons-noirs-au-recado-negro","status":"publish","type":"flavors","link":"https:\/\/yucatantravel.epconsulting.mx\/fr\/flavor\/129-tempura-doignons-noirs-au-recado-negro\/","title":{"rendered":"No. 129 Tempura d\u2019oignons noirs au recado negro"},"content":{"rendered":"<p><section class=\"fw-main-row padding-only-desktop\"  >\n\t<div class=\"fw-container\"  style=\"\" id=\"section_17881834701963139121\" data-title=\"Texto experiencia\">\n\t\t<div class=\"fw-row\">\n\t<div class=\"fw-col-xs-12\" style=\"box-sizing:border-box;\">\n\t<p>Le chef renomm\u00e9 Roberto Sol\u00eds est une grande r\u00e9f\u00e9rence et un pionnier de la cuisine mexicaine d'avant-garde au niveau international, gr\u00e2ce \u00e0 sa vaste exp\u00e9rience dans des cuisines de haut niveau dans plusieurs pays et fi\u00e8rement originaire de M\u00e9rida, du Yucat\u00e1n ; ville o\u00f9 il dirige actuellement les prestigieux restaurants Huniik et N\u00e9ctar, ce dernier est un espace dans lequel les techniques de la haute cuisine internationale sont fusionn\u00e9es avec des ingr\u00e9dients de la r\u00e9gion, pour cr\u00e9er des plats qui \u00e9mergent dans ce que l'on appelle \"La nueva cocina yucateca\" (la nouvelle cuisine yucat\u00e8que). L'entr\u00e9e renomm\u00e9e \"Cebollas negras tempura de recado negro\" (tempura d'oignons noirs avec tempura au recado negro), utilise des ingr\u00e9dients d'origine indig\u00e8ne, est un incontournable du restaurant. Les oignons ressemblent \u00e0 des pierres sur un morceau de charbon de bois, une cr\u00e9ation originale qui pr\u00e9serve l'essence de la cuisine traditionnelle de l'\u00c9tat.<\/p><h4>Informations utiles<\/h4><p>Recommandations pour le touriste : prendre une option du menu yucat\u00e8que du restaurant comme plat principal.<br \/>Pax minimum \/ maximum : 1 personne \/ 50 personnes.<br \/>Moyens de paiement : Esp\u00e8ces et cartes bancaires.<br \/>Recommand\u00e9 pour : Familles et couples.<br \/><strong>Contact:<\/strong>&nbsp;<strong><a href=\"http:\/\/www.facebook.com\/nectarmid\/\">Facebook<\/a>, <a href=\"http:\/\/www.instagram.com\/nectarmid\/?hl=es\">Instagram<\/a>, <a href=\"http:\/\/www.nectarmerida.com.mx\/\">Sitio web<\/a>, <a href=\"http:\/\/www.tripadvisor.com.mx\/Restaurant_Review-g150811-d1976475-Reviews-Restaurante_Nectar-Merida_Yucatan_Peninsula.html\">TripAdvisor<\/a>.<\/strong><br \/><strong>Courriel:<\/strong> contacto@nectarmerida.com.mx<\/p><\/div><\/div>\n\n\t<\/div>\n<\/section><section class=\"fw-main-row padding-only-desktop\"  >\n\t<div class=\"fw-container\"  style=\"\" id=\"section_17881834702050141181\" data-title=\"Regiones\">\n\t\t<div class=\"fw-row\">\n\t<div class=\"fw-col-xs-12\" style=\"box-sizing:border-box;\">\n\t<div class=\"fw-heading fw-heading-h6 \">\n\t\t<h6 class='fw-special-title title'>R\u00e9gions<\/h6>\t<\/div><\/div><\/div>\n\n<div class=\"fw-row\">\n\t<div class=\"fw-col-xs-12\" style=\"box-sizing:border-box;\">\n\t  <div class=\"link-list\">\n    <a href=\"https:\/\/yucatantravel.epconsulting.mx\/fr\/?post_type=regions&p=2735\">\n                        <i class=\"icon-\"><\/i>\n                M\u00e9rida : Capitale culturelle et gastronomique du sud-est.      <\/a>  <\/div>\n<\/div><\/div>\n\n\t<\/div>\n<\/section><\/p>\n","protected":false},"excerpt":{"rendered":"<p>Le chef renomm\u00e9 Roberto Sol\u00eds est une grande r\u00e9f\u00e9rence et un pionnier de la cuisine mexicaine d&rsquo;avant-garde au niveau international, gr\u00e2ce \u00e0 sa vaste exp\u00e9rience dans des cuisines de haut niveau dans plusieurs pays et fi\u00e8rement originaire de M\u00e9rida, du Yucat\u00e1n ; ville o\u00f9 il dirige actuellement les prestigieux restaurants Huniik et N\u00e9ctar, ce dernier [&hellip;]<\/p>\n","protected":false},"featured_media":34191,"template":"","class_list":["post-56230","flavors","type-flavors","status-publish","has-post-thumbnail","hentry","flav-category-region-merida-fr","flav-regions-merida-capital-cultural-y-gastronomica-del-sureste-fr","flav-cocina-contemporary-flavours-fr"],"yoast_head":"<!-- This site is optimized with the Yoast SEO plugin v28.3 - https:\/\/yoast.com\/product\/yoast-seo-wordpress\/ -->\n<title>365 saveurs au Yucatan - No. 129 Tempura d\u2019oignons noirs au recado negro<\/title>\n<meta name=\"description\" content=\"Le chef renomm\u00e9 Roberto Sol\u00eds est une grande r\u00e9f\u00e9rence et un pionnier de la cuisine mexicaine d&#039;avant-garde au niveau international, gr\u00e2ce...\" \/>\n<meta name=\"robots\" content=\"index, follow, max-snippet:-1, max-image-preview:large, max-video-preview:-1\" \/>\n<link rel=\"canonical\" href=\"https:\/\/yucatantravel.epconsulting.mx\/fr\/flavor\/129-tempura-doignons-noirs-au-recado-negro\/\" \/>\n<meta property=\"og:locale\" content=\"fr_FR\" \/>\n<meta property=\"og:type\" content=\"article\" \/>\n<meta property=\"og:title\" content=\"365 saveurs au Yucatan - No. 129 Tempura d\u2019oignons noirs au recado negro\" \/>\n<meta property=\"og:description\" content=\"Le chef renomm\u00e9 Roberto Sol\u00eds est une grande r\u00e9f\u00e9rence et un pionnier de la cuisine mexicaine d&#039;avant-garde au niveau international, gr\u00e2ce...\" \/>\n<meta property=\"og:url\" content=\"https:\/\/yucatantravel.epconsulting.mx\/fr\/flavor\/129-tempura-doignons-noirs-au-recado-negro\/\" \/>\n<meta property=\"og:site_name\" content=\"Yucatan.Travel\" \/>\n<meta property=\"article:modified_time\" content=\"2024-03-22T22:55:18+00:00\" \/>\n<meta property=\"og:image\" content=\"https:\/\/yucatantravel.epconsulting.mx\/wp-content\/uploads\/2022\/10\/365-sabores-en-yucata\u0301n-Cebollas-negras-tempura-2.jpg\" \/>\n\t<meta property=\"og:image:width\" content=\"1920\" \/>\n\t<meta property=\"og:image:height\" content=\"1440\" \/>\n\t<meta property=\"og:image:type\" content=\"image\/jpeg\" \/>\n<meta name=\"twitter:card\" content=\"summary_large_image\" \/>\n<meta name=\"twitter:label1\" content=\"Dur\u00e9e de lecture estim\u00e9e\" \/>\n\t<meta name=\"twitter:data1\" content=\"1 minute\" \/>\n<script type=\"application\/ld+json\" class=\"yoast-schema-graph\">{\"@context\":\"https:\\\/\\\/schema.org\",\"@graph\":[{\"@type\":\"WebPage\",\"@id\":\"https:\\\/\\\/yucatantravel.epconsulting.mx\\\/fr\\\/flavor\\\/129-tempura-doignons-noirs-au-recado-negro\\\/\",\"url\":\"https:\\\/\\\/yucatantravel.epconsulting.mx\\\/fr\\\/flavor\\\/129-tempura-doignons-noirs-au-recado-negro\\\/\",\"name\":\"365 saveurs au Yucatan - No. 129 Tempura d\u2019oignons noirs au recado negro\",\"isPartOf\":{\"@id\":\"https:\\\/\\\/yucatantravel.epconsulting.mx\\\/#website\"},\"primaryImageOfPage\":{\"@id\":\"https:\\\/\\\/yucatantravel.epconsulting.mx\\\/fr\\\/flavor\\\/129-tempura-doignons-noirs-au-recado-negro\\\/#primaryimage\"},\"image\":{\"@id\":\"https:\\\/\\\/yucatantravel.epconsulting.mx\\\/fr\\\/flavor\\\/129-tempura-doignons-noirs-au-recado-negro\\\/#primaryimage\"},\"thumbnailUrl\":\"https:\\\/\\\/yucatantravel.epconsulting.mx\\\/wp-content\\\/uploads\\\/2022\\\/10\\\/365-sabores-en-yucata\u0301n-Cebollas-negras-tempura-2.jpg\",\"datePublished\":\"2021-12-13T21:00:56+00:00\",\"dateModified\":\"2024-03-22T22:55:18+00:00\",\"description\":\"Le chef renomm\u00e9 Roberto Sol\u00eds est une grande r\u00e9f\u00e9rence et un pionnier de la cuisine mexicaine d'avant-garde au niveau international, gr\u00e2ce...\",\"breadcrumb\":{\"@id\":\"https:\\\/\\\/yucatantravel.epconsulting.mx\\\/fr\\\/flavor\\\/129-tempura-doignons-noirs-au-recado-negro\\\/#breadcrumb\"},\"inLanguage\":\"fr-FR\",\"potentialAction\":[{\"@type\":\"ReadAction\",\"target\":[\"https:\\\/\\\/yucatantravel.epconsulting.mx\\\/fr\\\/flavor\\\/129-tempura-doignons-noirs-au-recado-negro\\\/\"]}]},{\"@type\":\"ImageObject\",\"inLanguage\":\"fr-FR\",\"@id\":\"https:\\\/\\\/yucatantravel.epconsulting.mx\\\/fr\\\/flavor\\\/129-tempura-doignons-noirs-au-recado-negro\\\/#primaryimage\",\"url\":\"https:\\\/\\\/yucatantravel.epconsulting.mx\\\/wp-content\\\/uploads\\\/2022\\\/10\\\/365-sabores-en-yucata\u0301n-Cebollas-negras-tempura-2.jpg\",\"contentUrl\":\"https:\\\/\\\/yucatantravel.epconsulting.mx\\\/wp-content\\\/uploads\\\/2022\\\/10\\\/365-sabores-en-yucata\u0301n-Cebollas-negras-tempura-2.jpg\",\"width\":1920,\"height\":1440},{\"@type\":\"BreadcrumbList\",\"@id\":\"https:\\\/\\\/yucatantravel.epconsulting.mx\\\/fr\\\/flavor\\\/129-tempura-doignons-noirs-au-recado-negro\\\/#breadcrumb\",\"itemListElement\":[{\"@type\":\"ListItem\",\"position\":1,\"name\":\"Flavors\",\"item\":\"https:\\\/\\\/yucatantravel.epconsulting.mx\\\/sabores\\\/\"},{\"@type\":\"ListItem\",\"position\":2,\"name\":\"No. 129 Tempura d\u2019oignons noirs au recado negro\"}]},{\"@type\":\"WebSite\",\"@id\":\"https:\\\/\\\/yucatantravel.epconsulting.mx\\\/#website\",\"url\":\"https:\\\/\\\/yucatantravel.epconsulting.mx\\\/\",\"name\":\"Yucatan.Travel\",\"description\":\"Just another WordPress site\",\"potentialAction\":[{\"@type\":\"SearchAction\",\"target\":{\"@type\":\"EntryPoint\",\"urlTemplate\":\"https:\\\/\\\/yucatantravel.epconsulting.mx\\\/?s={search_term_string}\"},\"query-input\":{\"@type\":\"PropertyValueSpecification\",\"valueRequired\":true,\"valueName\":\"search_term_string\"}}],\"inLanguage\":\"fr-FR\"}]}<\/script>\n<!-- \/ Yoast SEO plugin. -->","yoast_head_json":{"title":"365 saveurs au Yucatan - No. 129 Tempura d\u2019oignons noirs au recado negro","description":"Le chef renomm\u00e9 Roberto Sol\u00eds est une grande r\u00e9f\u00e9rence et un pionnier de la cuisine mexicaine d'avant-garde au niveau international, gr\u00e2ce...","robots":{"index":"index","follow":"follow","max-snippet":"max-snippet:-1","max-image-preview":"max-image-preview:large","max-video-preview":"max-video-preview:-1"},"canonical":"https:\/\/yucatantravel.epconsulting.mx\/fr\/flavor\/129-tempura-doignons-noirs-au-recado-negro\/","og_locale":"fr_FR","og_type":"article","og_title":"365 saveurs au Yucatan - No. 129 Tempura d\u2019oignons noirs au recado negro","og_description":"Le chef renomm\u00e9 Roberto Sol\u00eds est une grande r\u00e9f\u00e9rence et un pionnier de la cuisine mexicaine d'avant-garde au niveau international, gr\u00e2ce...","og_url":"https:\/\/yucatantravel.epconsulting.mx\/fr\/flavor\/129-tempura-doignons-noirs-au-recado-negro\/","og_site_name":"Yucatan.Travel","article_modified_time":"2024-03-22T22:55:18+00:00","og_image":[{"width":1920,"height":1440,"url":"https:\/\/yucatantravel.epconsulting.mx\/wp-content\/uploads\/2022\/10\/365-sabores-en-yucata\u0301n-Cebollas-negras-tempura-2.jpg","type":"image\/jpeg"}],"twitter_card":"summary_large_image","twitter_misc":{"Dur\u00e9e de lecture estim\u00e9e":"1 minute"},"schema":{"@context":"https:\/\/schema.org","@graph":[{"@type":"WebPage","@id":"https:\/\/yucatantravel.epconsulting.mx\/fr\/flavor\/129-tempura-doignons-noirs-au-recado-negro\/","url":"https:\/\/yucatantravel.epconsulting.mx\/fr\/flavor\/129-tempura-doignons-noirs-au-recado-negro\/","name":"365 saveurs au Yucatan - No. 129 Tempura d\u2019oignons noirs au recado negro","isPartOf":{"@id":"https:\/\/yucatantravel.epconsulting.mx\/#website"},"primaryImageOfPage":{"@id":"https:\/\/yucatantravel.epconsulting.mx\/fr\/flavor\/129-tempura-doignons-noirs-au-recado-negro\/#primaryimage"},"image":{"@id":"https:\/\/yucatantravel.epconsulting.mx\/fr\/flavor\/129-tempura-doignons-noirs-au-recado-negro\/#primaryimage"},"thumbnailUrl":"https:\/\/yucatantravel.epconsulting.mx\/wp-content\/uploads\/2022\/10\/365-sabores-en-yucata\u0301n-Cebollas-negras-tempura-2.jpg","datePublished":"2021-12-13T21:00:56+00:00","dateModified":"2024-03-22T22:55:18+00:00","description":"Le chef renomm\u00e9 Roberto Sol\u00eds est une grande r\u00e9f\u00e9rence et un pionnier de la cuisine mexicaine d'avant-garde au niveau international, gr\u00e2ce...","breadcrumb":{"@id":"https:\/\/yucatantravel.epconsulting.mx\/fr\/flavor\/129-tempura-doignons-noirs-au-recado-negro\/#breadcrumb"},"inLanguage":"fr-FR","potentialAction":[{"@type":"ReadAction","target":["https:\/\/yucatantravel.epconsulting.mx\/fr\/flavor\/129-tempura-doignons-noirs-au-recado-negro\/"]}]},{"@type":"ImageObject","inLanguage":"fr-FR","@id":"https:\/\/yucatantravel.epconsulting.mx\/fr\/flavor\/129-tempura-doignons-noirs-au-recado-negro\/#primaryimage","url":"https:\/\/yucatantravel.epconsulting.mx\/wp-content\/uploads\/2022\/10\/365-sabores-en-yucata\u0301n-Cebollas-negras-tempura-2.jpg","contentUrl":"https:\/\/yucatantravel.epconsulting.mx\/wp-content\/uploads\/2022\/10\/365-sabores-en-yucata\u0301n-Cebollas-negras-tempura-2.jpg","width":1920,"height":1440},{"@type":"BreadcrumbList","@id":"https:\/\/yucatantravel.epconsulting.mx\/fr\/flavor\/129-tempura-doignons-noirs-au-recado-negro\/#breadcrumb","itemListElement":[{"@type":"ListItem","position":1,"name":"Flavors","item":"https:\/\/yucatantravel.epconsulting.mx\/sabores\/"},{"@type":"ListItem","position":2,"name":"No. 129 Tempura d\u2019oignons noirs au recado negro"}]},{"@type":"WebSite","@id":"https:\/\/yucatantravel.epconsulting.mx\/#website","url":"https:\/\/yucatantravel.epconsulting.mx\/","name":"Yucatan.Travel","description":"Just another WordPress site","potentialAction":[{"@type":"SearchAction","target":{"@type":"EntryPoint","urlTemplate":"https:\/\/yucatantravel.epconsulting.mx\/?s={search_term_string}"},"query-input":{"@type":"PropertyValueSpecification","valueRequired":true,"valueName":"search_term_string"}}],"inLanguage":"fr-FR"}]}},"_links":{"self":[{"href":"https:\/\/yucatantravel.epconsulting.mx\/fr\/wp-json\/wp\/v2\/flavors\/56230","targetHints":{"allow":["GET"]}}],"collection":[{"href":"https:\/\/yucatantravel.epconsulting.mx\/fr\/wp-json\/wp\/v2\/flavors"}],"about":[{"href":"https:\/\/yucatantravel.epconsulting.mx\/fr\/wp-json\/wp\/v2\/types\/flavors"}],"wp:featuredmedia":[{"embeddable":true,"href":"https:\/\/yucatantravel.epconsulting.mx\/fr\/wp-json\/wp\/v2\/media\/34191"}],"wp:attachment":[{"href":"https:\/\/yucatantravel.epconsulting.mx\/fr\/wp-json\/wp\/v2\/media?parent=56230"}],"curies":[{"name":"wp","href":"https:\/\/api.w.org\/{rel}","templated":true}]}}