{"id":60333,"date":"2021-03-03T19:00:42","date_gmt":"2021-03-03T19:00:42","guid":{"rendered":"https:\/\/yucatantravel.epconsulting.mx\/experience\/152-piedras-sagradas-la-historia-de-la-catedral\/"},"modified":"2024-04-23T04:36:23","modified_gmt":"2024-04-23T04:36:23","slug":"152-pierres-sacrees-lhistoire-de-la-cathedrale","status":"publish","type":"experiences","link":"https:\/\/yucatantravel.epconsulting.mx\/fr\/experience\/152-pierres-sacrees-lhistoire-de-la-cathedrale\/","title":{"rendered":"No. 152 Pierres sacr\u00e9es l&rsquo;histoire de la cath\u00e9drale"},"content":{"rendered":"<p><section class=\"fw-main-row padding-only-desktop\"  >\n\t<div class=\"fw-container\"  style=\"\" id=\"section_1788196289167699130\" data-title=\"Texto experiencia\">\n\t\t<div class=\"fw-row\">\n\t<div class=\"fw-col-xs-12\" style=\"box-sizing:border-box;\">\n\t<p>Projection d'un vid\u00e9o-mapping sur la cath\u00e9drale de San Ildefonso, la plus ancienne cath\u00e9drale du Mexique, accompagn\u00e9e d'une narration sur l'histoire de M\u00e9rida. Il assemble plusieurs techniques d'animation 3D et 2D pour raconter l'histoire de la cr\u00e9ation du b\u00e2timent, construit avec les pierres de l'ancienne cit\u00e9 maya de Th\u00f3, ainsi que sa signification pour les habitants de cette ville. Le voyage audio-visuel est accompagn\u00e9 d'un r\u00e9cit en douze vers cr\u00e9\u00e9s exclusivement pour la cath\u00e9drale et la musicalisation est accompagn\u00e9e par les membres du ch\u0153ur de la ville de M\u00e9rida et leurs chants sacr\u00e9s.<\/p><\/div><\/div>\n\n\t<\/div>\n<\/section><section class=\"fw-main-row padding-only-desktop\"  >\n\t<div class=\"fw-container\"  style=\"\" id=\"section_17881962891981667309\" data-title=\"Regiones\">\n\t\t<div class=\"fw-row\">\n\t<div class=\"fw-col-xs-12\" style=\"box-sizing:border-box;\">\n\t<div class=\"fw-heading fw-heading-h6 \">\n\t\t<h6 class='fw-special-title title'>R\u00e9gions<\/h6>\t<\/div><\/div><\/div>\n\n<div class=\"fw-row\">\n\t<div class=\"fw-col-xs-12\" style=\"box-sizing:border-box;\">\n\t  <div class=\"link-list\">\n    <a href=\"https:\/\/yucatantravel.epconsulting.mx\/fr\/?post_type=regions&p=2735\">\n                        <i class=\"icon-\"><\/i>\n                M\u00e9rida : capitale culturelle et gastronomique du Sud-Est      <\/a>  <\/div>\n<\/div><\/div>\n\n\t<\/div>\n<\/section><section class=\"fw-main-row \"  >\n\t<div class=\"fw-container\"  style=\"\" id=\"section_1788196289670902804\" data-title=\"Actividades principales\">\n\t\t<div class=\"fw-row\">\n\t<div class=\"fw-col-xs-12\" style=\"box-sizing:border-box;\">\n\t<div class=\"fw-heading fw-heading-h6 \">\n\t\t<h6 class='fw-special-title title'>Principales activit\u00e9s<\/h6>\t<\/div><\/div><\/div>\n\n<div class=\"fw-row\">\n\t<div class=\"fw-col-xs-12\" style=\"box-sizing:border-box;\">\n\t  <div class=\"link-list\">\n    <a href=\"https:\/\/yucatantravel.epconsulting.mx\/fr\/culture\/\">\n                        <i class=\"icon- icon-pueblos-magicos\"><\/i>\n                Culture      <\/a>  <\/div>\n<\/div><\/div>\n\n\t<\/div>\n<\/section><\/p>\n","protected":false},"excerpt":{"rendered":"<p>Projection d&rsquo;un vid\u00e9o-mapping sur la cath\u00e9drale de San Ildefonso, la plus ancienne cath\u00e9drale du Mexique, accompagn\u00e9e d&rsquo;une narration sur l&rsquo;histoire de M\u00e9rida. Il assemble plusieurs techniques d&rsquo;animation 3D et 2D pour raconter l&rsquo;histoire de la cr\u00e9ation du b\u00e2timent, construit avec les pierres de l&rsquo;ancienne cit\u00e9 maya de Th\u00f3, ainsi que sa signification pour les habitants [&hellip;]<\/p>\n","protected":false},"featured_media":20268,"template":"","class_list":["post-60333","experiences","type-experiences","status-publish","has-post-thumbnail","hentry","exp-category-region-merida-fr","exp-travels-cultural-fr","exp-regions-merida-capital-cultural-y-gastronomica-del-sureste-fr","exp-schedules-night-fr"],"yoast_head":"<!-- This site is optimized with the Yoast SEO plugin v28.3 - https:\/\/yoast.com\/product\/yoast-seo-wordpress\/ -->\n<title>365 jours au Yucatan - No. 152 Pierres sacr\u00e9es l&#039;histoire de la cath\u00e9drale<\/title>\n<meta name=\"description\" content=\"Projection d&#039;une carte vid\u00e9o sur la cath\u00e9drale de San Ildefonso, la plus ancienne du Mexique, accompagn\u00e9e d&#039;une narration sur l&#039;histoire de M\u00e9rida.\" \/>\n<meta name=\"robots\" content=\"index, follow, max-snippet:-1, max-image-preview:large, max-video-preview:-1\" \/>\n<link rel=\"canonical\" href=\"https:\/\/yucatantravel.epconsulting.mx\/fr\/experience\/152-pierres-sacrees-lhistoire-de-la-cathedrale\/\" \/>\n<meta property=\"og:locale\" content=\"fr_FR\" \/>\n<meta property=\"og:type\" content=\"article\" \/>\n<meta property=\"og:title\" content=\"365 jours au Yucatan - No. 152 Pierres sacr\u00e9es l&#039;histoire de la cath\u00e9drale\" \/>\n<meta property=\"og:description\" content=\"Projection d&#039;une carte vid\u00e9o sur la cath\u00e9drale de San Ildefonso, la plus ancienne du Mexique, accompagn\u00e9e d&#039;une narration sur l&#039;histoire de M\u00e9rida.\" \/>\n<meta property=\"og:url\" content=\"https:\/\/yucatantravel.epconsulting.mx\/fr\/experience\/152-pierres-sacrees-lhistoire-de-la-cathedrale\/\" \/>\n<meta property=\"og:site_name\" content=\"Yucatan.Travel\" \/>\n<meta property=\"article:modified_time\" content=\"2024-04-23T04:36:23+00:00\" \/>\n<meta property=\"og:image\" content=\"https:\/\/yucatantravel.epconsulting.mx\/wp-content\/uploads\/2021\/08\/Piedras-Sagradas-Catedral-2.jpg\" \/>\n\t<meta property=\"og:image:width\" content=\"1920\" \/>\n\t<meta property=\"og:image:height\" content=\"1280\" \/>\n\t<meta property=\"og:image:type\" content=\"image\/jpeg\" \/>\n<meta name=\"twitter:card\" content=\"summary_large_image\" \/>\n<meta name=\"twitter:label1\" content=\"Dur\u00e9e de lecture estim\u00e9e\" \/>\n\t<meta name=\"twitter:data1\" content=\"1 minute\" \/>\n<script type=\"application\/ld+json\" class=\"yoast-schema-graph\">{\"@context\":\"https:\\\/\\\/schema.org\",\"@graph\":[{\"@type\":\"WebPage\",\"@id\":\"https:\\\/\\\/yucatantravel.epconsulting.mx\\\/fr\\\/experience\\\/152-pierres-sacrees-lhistoire-de-la-cathedrale\\\/\",\"url\":\"https:\\\/\\\/yucatantravel.epconsulting.mx\\\/fr\\\/experience\\\/152-pierres-sacrees-lhistoire-de-la-cathedrale\\\/\",\"name\":\"365 jours au Yucatan - No. 152 Pierres sacr\u00e9es l'histoire de la cath\u00e9drale\",\"isPartOf\":{\"@id\":\"https:\\\/\\\/yucatantravel.epconsulting.mx\\\/#website\"},\"primaryImageOfPage\":{\"@id\":\"https:\\\/\\\/yucatantravel.epconsulting.mx\\\/fr\\\/experience\\\/152-pierres-sacrees-lhistoire-de-la-cathedrale\\\/#primaryimage\"},\"image\":{\"@id\":\"https:\\\/\\\/yucatantravel.epconsulting.mx\\\/fr\\\/experience\\\/152-pierres-sacrees-lhistoire-de-la-cathedrale\\\/#primaryimage\"},\"thumbnailUrl\":\"https:\\\/\\\/yucatantravel.epconsulting.mx\\\/wp-content\\\/uploads\\\/2021\\\/08\\\/Piedras-Sagradas-Catedral-2.jpg\",\"datePublished\":\"2021-03-03T19:00:42+00:00\",\"dateModified\":\"2024-04-23T04:36:23+00:00\",\"description\":\"Projection d'une carte vid\u00e9o sur la cath\u00e9drale de San Ildefonso, la plus ancienne du Mexique, accompagn\u00e9e d'une narration sur l'histoire de M\u00e9rida.\",\"breadcrumb\":{\"@id\":\"https:\\\/\\\/yucatantravel.epconsulting.mx\\\/fr\\\/experience\\\/152-pierres-sacrees-lhistoire-de-la-cathedrale\\\/#breadcrumb\"},\"inLanguage\":\"fr-FR\",\"potentialAction\":[{\"@type\":\"ReadAction\",\"target\":[\"https:\\\/\\\/yucatantravel.epconsulting.mx\\\/fr\\\/experience\\\/152-pierres-sacrees-lhistoire-de-la-cathedrale\\\/\"]}]},{\"@type\":\"ImageObject\",\"inLanguage\":\"fr-FR\",\"@id\":\"https:\\\/\\\/yucatantravel.epconsulting.mx\\\/fr\\\/experience\\\/152-pierres-sacrees-lhistoire-de-la-cathedrale\\\/#primaryimage\",\"url\":\"https:\\\/\\\/yucatantravel.epconsulting.mx\\\/wp-content\\\/uploads\\\/2021\\\/08\\\/Piedras-Sagradas-Catedral-2.jpg\",\"contentUrl\":\"https:\\\/\\\/yucatantravel.epconsulting.mx\\\/wp-content\\\/uploads\\\/2021\\\/08\\\/Piedras-Sagradas-Catedral-2.jpg\",\"width\":1920,\"height\":1280},{\"@type\":\"BreadcrumbList\",\"@id\":\"https:\\\/\\\/yucatantravel.epconsulting.mx\\\/fr\\\/experience\\\/152-pierres-sacrees-lhistoire-de-la-cathedrale\\\/#breadcrumb\",\"itemListElement\":[{\"@type\":\"ListItem\",\"position\":1,\"name\":\"Experiencias\",\"item\":\"https:\\\/\\\/yucatantravel.epconsulting.mx\\\/en\\\/experience\\\/\"},{\"@type\":\"ListItem\",\"position\":2,\"name\":\"No. 152 Pierres sacr\u00e9es l&#8217;histoire de la cath\u00e9drale\"}]},{\"@type\":\"WebSite\",\"@id\":\"https:\\\/\\\/yucatantravel.epconsulting.mx\\\/#website\",\"url\":\"https:\\\/\\\/yucatantravel.epconsulting.mx\\\/\",\"name\":\"Yucatan.Travel\",\"description\":\"Just another WordPress site\",\"potentialAction\":[{\"@type\":\"SearchAction\",\"target\":{\"@type\":\"EntryPoint\",\"urlTemplate\":\"https:\\\/\\\/yucatantravel.epconsulting.mx\\\/?s={search_term_string}\"},\"query-input\":{\"@type\":\"PropertyValueSpecification\",\"valueRequired\":true,\"valueName\":\"search_term_string\"}}],\"inLanguage\":\"fr-FR\"}]}<\/script>\n<!-- \/ Yoast SEO plugin. -->","yoast_head_json":{"title":"365 jours au Yucatan - No. 152 Pierres sacr\u00e9es l'histoire de la cath\u00e9drale","description":"Projection d'une carte vid\u00e9o sur la cath\u00e9drale de San Ildefonso, la plus ancienne du Mexique, accompagn\u00e9e d'une narration sur l'histoire de M\u00e9rida.","robots":{"index":"index","follow":"follow","max-snippet":"max-snippet:-1","max-image-preview":"max-image-preview:large","max-video-preview":"max-video-preview:-1"},"canonical":"https:\/\/yucatantravel.epconsulting.mx\/fr\/experience\/152-pierres-sacrees-lhistoire-de-la-cathedrale\/","og_locale":"fr_FR","og_type":"article","og_title":"365 jours au Yucatan - No. 152 Pierres sacr\u00e9es l'histoire de la cath\u00e9drale","og_description":"Projection d'une carte vid\u00e9o sur la cath\u00e9drale de San Ildefonso, la plus ancienne du Mexique, accompagn\u00e9e d'une narration sur l'histoire de M\u00e9rida.","og_url":"https:\/\/yucatantravel.epconsulting.mx\/fr\/experience\/152-pierres-sacrees-lhistoire-de-la-cathedrale\/","og_site_name":"Yucatan.Travel","article_modified_time":"2024-04-23T04:36:23+00:00","og_image":[{"width":1920,"height":1280,"url":"https:\/\/yucatantravel.epconsulting.mx\/wp-content\/uploads\/2021\/08\/Piedras-Sagradas-Catedral-2.jpg","type":"image\/jpeg"}],"twitter_card":"summary_large_image","twitter_misc":{"Dur\u00e9e de lecture estim\u00e9e":"1 minute"},"schema":{"@context":"https:\/\/schema.org","@graph":[{"@type":"WebPage","@id":"https:\/\/yucatantravel.epconsulting.mx\/fr\/experience\/152-pierres-sacrees-lhistoire-de-la-cathedrale\/","url":"https:\/\/yucatantravel.epconsulting.mx\/fr\/experience\/152-pierres-sacrees-lhistoire-de-la-cathedrale\/","name":"365 jours au Yucatan - No. 152 Pierres sacr\u00e9es l'histoire de la cath\u00e9drale","isPartOf":{"@id":"https:\/\/yucatantravel.epconsulting.mx\/#website"},"primaryImageOfPage":{"@id":"https:\/\/yucatantravel.epconsulting.mx\/fr\/experience\/152-pierres-sacrees-lhistoire-de-la-cathedrale\/#primaryimage"},"image":{"@id":"https:\/\/yucatantravel.epconsulting.mx\/fr\/experience\/152-pierres-sacrees-lhistoire-de-la-cathedrale\/#primaryimage"},"thumbnailUrl":"https:\/\/yucatantravel.epconsulting.mx\/wp-content\/uploads\/2021\/08\/Piedras-Sagradas-Catedral-2.jpg","datePublished":"2021-03-03T19:00:42+00:00","dateModified":"2024-04-23T04:36:23+00:00","description":"Projection d'une carte vid\u00e9o sur la cath\u00e9drale de San Ildefonso, la plus ancienne du Mexique, accompagn\u00e9e d'une narration sur l'histoire de M\u00e9rida.","breadcrumb":{"@id":"https:\/\/yucatantravel.epconsulting.mx\/fr\/experience\/152-pierres-sacrees-lhistoire-de-la-cathedrale\/#breadcrumb"},"inLanguage":"fr-FR","potentialAction":[{"@type":"ReadAction","target":["https:\/\/yucatantravel.epconsulting.mx\/fr\/experience\/152-pierres-sacrees-lhistoire-de-la-cathedrale\/"]}]},{"@type":"ImageObject","inLanguage":"fr-FR","@id":"https:\/\/yucatantravel.epconsulting.mx\/fr\/experience\/152-pierres-sacrees-lhistoire-de-la-cathedrale\/#primaryimage","url":"https:\/\/yucatantravel.epconsulting.mx\/wp-content\/uploads\/2021\/08\/Piedras-Sagradas-Catedral-2.jpg","contentUrl":"https:\/\/yucatantravel.epconsulting.mx\/wp-content\/uploads\/2021\/08\/Piedras-Sagradas-Catedral-2.jpg","width":1920,"height":1280},{"@type":"BreadcrumbList","@id":"https:\/\/yucatantravel.epconsulting.mx\/fr\/experience\/152-pierres-sacrees-lhistoire-de-la-cathedrale\/#breadcrumb","itemListElement":[{"@type":"ListItem","position":1,"name":"Experiencias","item":"https:\/\/yucatantravel.epconsulting.mx\/en\/experience\/"},{"@type":"ListItem","position":2,"name":"No. 152 Pierres sacr\u00e9es l&#8217;histoire de la cath\u00e9drale"}]},{"@type":"WebSite","@id":"https:\/\/yucatantravel.epconsulting.mx\/#website","url":"https:\/\/yucatantravel.epconsulting.mx\/","name":"Yucatan.Travel","description":"Just another WordPress site","potentialAction":[{"@type":"SearchAction","target":{"@type":"EntryPoint","urlTemplate":"https:\/\/yucatantravel.epconsulting.mx\/?s={search_term_string}"},"query-input":{"@type":"PropertyValueSpecification","valueRequired":true,"valueName":"search_term_string"}}],"inLanguage":"fr-FR"}]}},"_links":{"self":[{"href":"https:\/\/yucatantravel.epconsulting.mx\/fr\/wp-json\/wp\/v2\/experiences\/60333","targetHints":{"allow":["GET"]}}],"collection":[{"href":"https:\/\/yucatantravel.epconsulting.mx\/fr\/wp-json\/wp\/v2\/experiences"}],"about":[{"href":"https:\/\/yucatantravel.epconsulting.mx\/fr\/wp-json\/wp\/v2\/types\/experiences"}],"wp:featuredmedia":[{"embeddable":true,"href":"https:\/\/yucatantravel.epconsulting.mx\/fr\/wp-json\/wp\/v2\/media\/20268"}],"wp:attachment":[{"href":"https:\/\/yucatantravel.epconsulting.mx\/fr\/wp-json\/wp\/v2\/media?parent=60333"}],"curies":[{"name":"wp","href":"https:\/\/api.w.org\/{rel}","templated":true}]}}