{"id":59208,"date":"2021-01-05T19:00:24","date_gmt":"2021-01-05T19:00:24","guid":{"rendered":"https:\/\/yucatantravel.epconsulting.mx\/experience\/362-experiencia-calzada-de-los-frailes-en-valladolid\/"},"modified":"2024-04-24T02:36:06","modified_gmt":"2024-04-24T02:36:06","slug":"362-calzada-de-los-frailes-a-valladolid","status":"publish","type":"experiences","link":"https:\/\/yucatantravel.epconsulting.mx\/fr\/experience\/362-calzada-de-los-frailes-a-valladolid\/","title":{"rendered":"No. 362 Calzada de los Frailes \u00e0 Valladolid"},"content":{"rendered":"<p><section class=\"fw-main-row padding-only-desktop\"  >\n\t<div class=\"fw-container\"  style=\"\" id=\"section_17881876101095733496\" data-title=\"Texto experiencia\">\n\t\t<div class=\"fw-row\">\n\t<div class=\"fw-col-xs-12\" style=\"box-sizing:border-box;\">\n\t<p>Dans la ville de Valladolid, la visite commence par l'embl\u00e9matique Calzada de los Frailes. Tout en marchant le long de la Calzada(chauss\u00e9e), tu \u00e9couteras la narration de l'histoire et du p\u00e8lerinage des fr\u00e8res. L'\u00e9v\u00e9nement est r\u00e9alis\u00e9 par un groupe d'hommes v\u00eatus de robes brunes caract\u00e9risant les moines franciscains, qui portent un encensoir \u00e0 la main pour agr\u00e9menter la balade. Tout au long du parcours de la Calzada, ils s'arr\u00eatent pour prier et faire diff\u00e9rents mouvements afin de poursuivre leur p\u00e8lerinage. Avec l'odeur de l'encens et des bougies, cette marche mystique a lieu dans la ville de Valladolid. Les gens peuvent interagir et participer avec des bougies \u00e0 la main pour les accompagner tout au long de la visite qui se termine dans le majestueux ancien couvent de San Bernardino de Siena dans le Barrio de Sisal. Entre les arches du couvent, les fr\u00e8res pausent un moment pour les photos, puis se dispersent pour commencer le vid\u00e9o-mapping qui est projet\u00e9e gratuitement en anglais et en espagnol. L'\u00e9v\u00e9nement est gratuit et \u00e0 ne pas manquer lors de ta prochaine visite au Village Magique de Valladolid.<\/p><\/div><\/div>\n\n\t<\/div>\n<\/section><section class=\"fw-main-row padding-only-desktop\"  >\n\t<div class=\"fw-container\"  style=\"\" id=\"section_1788187610323207885\" data-title=\"Regiones\">\n\t\t<div class=\"fw-row\">\n\t<div class=\"fw-col-xs-12\" style=\"box-sizing:border-box;\">\n\t<div class=\"fw-heading fw-heading-h6 \">\n\t\t<h6 class='fw-special-title title'>R\u00e9gions<\/h6>\t<\/div><\/div><\/div>\n\n<div class=\"fw-row\">\n\t<div class=\"fw-col-xs-12\" style=\"box-sizing:border-box;\">\n\t  <div class=\"link-list\">\n    <a href=\"https:\/\/yucatantravel.epconsulting.mx\/fr\/?post_type=regions&p=2729\">\n                        <i class=\"icon-\"><\/i>\n                Capitale du monde Maya      <\/a>  <\/div>\n<\/div><\/div>\n\n\t<\/div>\n<\/section><section class=\"fw-main-row \"  >\n\t<div class=\"fw-container\"  style=\"\" id=\"section_17881876101015184961\" data-title=\"Actividades principales\">\n\t\t<div class=\"fw-row\">\n\t<div class=\"fw-col-xs-12\" style=\"box-sizing:border-box;\">\n\t<div class=\"fw-heading fw-heading-h6 \">\n\t\t<h6 class='fw-special-title title'>Principales activit\u00e9s<\/h6>\t<\/div><\/div><\/div>\n\n<div class=\"fw-row\">\n\t<div class=\"fw-col-xs-12\" style=\"box-sizing:border-box;\">\n\t  <div class=\"link-list\">\n    <a href=\"https:\/\/yucatantravel.epconsulting.mx\/fr\/culture\/\">\n                        <i class=\"icon- icon-pueblos-magicos\"><\/i>\n                Culture      <\/a>  <\/div>\n<\/div><\/div>\n\n\t<\/div>\n<\/section><\/p>\n","protected":false},"excerpt":{"rendered":"<p>Dans la ville de Valladolid, la visite commence par l&#8217;embl\u00e9matique Calzada de los Frailes. Tout en marchant le long de la Calzada(chauss\u00e9e), tu \u00e9couteras la narration de l&rsquo;histoire et du p\u00e8lerinage des fr\u00e8res. L&rsquo;\u00e9v\u00e9nement est r\u00e9alis\u00e9 par un groupe d&rsquo;hommes v\u00eatus de robes brunes caract\u00e9risant les moines franciscains, qui portent un encensoir \u00e0 la main [&hellip;]<\/p>\n","protected":false},"featured_media":28422,"template":"","class_list":["post-59208","experiences","type-experiences","status-publish","has-post-thumbnail","hentry","exp-category-region-capital-mundo-maya-fr","exp-travels-cultural-fr","exp-schedules-night-fr"],"yoast_head":"<!-- This site is optimized with the Yoast SEO plugin v28.3 - https:\/\/yoast.com\/product\/yoast-seo-wordpress\/ -->\n<title>365 jours au Yucatan - No. 362 Calzada de los Frailes \u00e0 Valladolid<\/title>\n<meta name=\"description\" content=\"La visite commence \u00e0 la Calzada de los Frailes et permet d&#039;\u00e9couter le r\u00e9cit de l&#039;histoire et du p\u00e8lerinage des fr\u00e8res.\" \/>\n<meta name=\"robots\" content=\"index, follow, max-snippet:-1, max-image-preview:large, max-video-preview:-1\" \/>\n<link rel=\"canonical\" href=\"https:\/\/yucatantravel.epconsulting.mx\/fr\/experience\/362-calzada-de-los-frailes-a-valladolid\/\" \/>\n<meta property=\"og:locale\" content=\"fr_FR\" \/>\n<meta property=\"og:type\" content=\"article\" \/>\n<meta property=\"og:title\" content=\"365 jours au Yucatan - No. 362 Calzada de los Frailes \u00e0 Valladolid\" \/>\n<meta property=\"og:description\" content=\"La visite commence \u00e0 la Calzada de los Frailes et permet d&#039;\u00e9couter le r\u00e9cit de l&#039;histoire et du p\u00e8lerinage des fr\u00e8res.\" \/>\n<meta property=\"og:url\" content=\"https:\/\/yucatantravel.epconsulting.mx\/fr\/experience\/362-calzada-de-los-frailes-a-valladolid\/\" \/>\n<meta property=\"og:site_name\" content=\"Yucatan.Travel\" \/>\n<meta property=\"article:modified_time\" content=\"2024-04-24T02:36:06+00:00\" \/>\n<meta property=\"og:image\" content=\"https:\/\/yucatantravel.epconsulting.mx\/wp-content\/uploads\/2022\/03\/Foto-7-Experiencia-calzada-de-los-frailes-en-Valladolid.jpg\" \/>\n\t<meta property=\"og:image:width\" content=\"1920\" \/>\n\t<meta property=\"og:image:height\" content=\"1440\" \/>\n\t<meta property=\"og:image:type\" content=\"image\/jpeg\" \/>\n<meta name=\"twitter:card\" content=\"summary_large_image\" \/>\n<meta name=\"twitter:label1\" content=\"Dur\u00e9e de lecture estim\u00e9e\" \/>\n\t<meta name=\"twitter:data1\" content=\"1 minute\" \/>\n<script type=\"application\/ld+json\" class=\"yoast-schema-graph\">{\"@context\":\"https:\\\/\\\/schema.org\",\"@graph\":[{\"@type\":\"WebPage\",\"@id\":\"https:\\\/\\\/yucatantravel.epconsulting.mx\\\/fr\\\/experience\\\/362-calzada-de-los-frailes-a-valladolid\\\/\",\"url\":\"https:\\\/\\\/yucatantravel.epconsulting.mx\\\/fr\\\/experience\\\/362-calzada-de-los-frailes-a-valladolid\\\/\",\"name\":\"365 jours au Yucatan - No. 362 Calzada de los Frailes \u00e0 Valladolid\",\"isPartOf\":{\"@id\":\"https:\\\/\\\/yucatantravel.epconsulting.mx\\\/#website\"},\"primaryImageOfPage\":{\"@id\":\"https:\\\/\\\/yucatantravel.epconsulting.mx\\\/fr\\\/experience\\\/362-calzada-de-los-frailes-a-valladolid\\\/#primaryimage\"},\"image\":{\"@id\":\"https:\\\/\\\/yucatantravel.epconsulting.mx\\\/fr\\\/experience\\\/362-calzada-de-los-frailes-a-valladolid\\\/#primaryimage\"},\"thumbnailUrl\":\"https:\\\/\\\/yucatantravel.epconsulting.mx\\\/wp-content\\\/uploads\\\/2022\\\/03\\\/Foto-7-Experiencia-calzada-de-los-frailes-en-Valladolid.jpg\",\"datePublished\":\"2021-01-05T19:00:24+00:00\",\"dateModified\":\"2024-04-24T02:36:06+00:00\",\"description\":\"La visite commence \u00e0 la Calzada de los Frailes et permet d'\u00e9couter le r\u00e9cit de l'histoire et du p\u00e8lerinage des fr\u00e8res.\",\"breadcrumb\":{\"@id\":\"https:\\\/\\\/yucatantravel.epconsulting.mx\\\/fr\\\/experience\\\/362-calzada-de-los-frailes-a-valladolid\\\/#breadcrumb\"},\"inLanguage\":\"fr-FR\",\"potentialAction\":[{\"@type\":\"ReadAction\",\"target\":[\"https:\\\/\\\/yucatantravel.epconsulting.mx\\\/fr\\\/experience\\\/362-calzada-de-los-frailes-a-valladolid\\\/\"]}]},{\"@type\":\"ImageObject\",\"inLanguage\":\"fr-FR\",\"@id\":\"https:\\\/\\\/yucatantravel.epconsulting.mx\\\/fr\\\/experience\\\/362-calzada-de-los-frailes-a-valladolid\\\/#primaryimage\",\"url\":\"https:\\\/\\\/yucatantravel.epconsulting.mx\\\/wp-content\\\/uploads\\\/2022\\\/03\\\/Foto-7-Experiencia-calzada-de-los-frailes-en-Valladolid.jpg\",\"contentUrl\":\"https:\\\/\\\/yucatantravel.epconsulting.mx\\\/wp-content\\\/uploads\\\/2022\\\/03\\\/Foto-7-Experiencia-calzada-de-los-frailes-en-Valladolid.jpg\",\"width\":1920,\"height\":1440},{\"@type\":\"BreadcrumbList\",\"@id\":\"https:\\\/\\\/yucatantravel.epconsulting.mx\\\/fr\\\/experience\\\/362-calzada-de-los-frailes-a-valladolid\\\/#breadcrumb\",\"itemListElement\":[{\"@type\":\"ListItem\",\"position\":1,\"name\":\"Experiencias\",\"item\":\"https:\\\/\\\/yucatantravel.epconsulting.mx\\\/en\\\/experience\\\/\"},{\"@type\":\"ListItem\",\"position\":2,\"name\":\"No. 362 Calzada de los Frailes \u00e0 Valladolid\"}]},{\"@type\":\"WebSite\",\"@id\":\"https:\\\/\\\/yucatantravel.epconsulting.mx\\\/#website\",\"url\":\"https:\\\/\\\/yucatantravel.epconsulting.mx\\\/\",\"name\":\"Yucatan.Travel\",\"description\":\"Just another WordPress site\",\"potentialAction\":[{\"@type\":\"SearchAction\",\"target\":{\"@type\":\"EntryPoint\",\"urlTemplate\":\"https:\\\/\\\/yucatantravel.epconsulting.mx\\\/?s={search_term_string}\"},\"query-input\":{\"@type\":\"PropertyValueSpecification\",\"valueRequired\":true,\"valueName\":\"search_term_string\"}}],\"inLanguage\":\"fr-FR\"}]}<\/script>\n<!-- \/ Yoast SEO plugin. -->","yoast_head_json":{"title":"365 jours au Yucatan - No. 362 Calzada de los Frailes \u00e0 Valladolid","description":"La visite commence \u00e0 la Calzada de los Frailes et permet d'\u00e9couter le r\u00e9cit de l'histoire et du p\u00e8lerinage des fr\u00e8res.","robots":{"index":"index","follow":"follow","max-snippet":"max-snippet:-1","max-image-preview":"max-image-preview:large","max-video-preview":"max-video-preview:-1"},"canonical":"https:\/\/yucatantravel.epconsulting.mx\/fr\/experience\/362-calzada-de-los-frailes-a-valladolid\/","og_locale":"fr_FR","og_type":"article","og_title":"365 jours au Yucatan - No. 362 Calzada de los Frailes \u00e0 Valladolid","og_description":"La visite commence \u00e0 la Calzada de los Frailes et permet d'\u00e9couter le r\u00e9cit de l'histoire et du p\u00e8lerinage des fr\u00e8res.","og_url":"https:\/\/yucatantravel.epconsulting.mx\/fr\/experience\/362-calzada-de-los-frailes-a-valladolid\/","og_site_name":"Yucatan.Travel","article_modified_time":"2024-04-24T02:36:06+00:00","og_image":[{"width":1920,"height":1440,"url":"https:\/\/yucatantravel.epconsulting.mx\/wp-content\/uploads\/2022\/03\/Foto-7-Experiencia-calzada-de-los-frailes-en-Valladolid.jpg","type":"image\/jpeg"}],"twitter_card":"summary_large_image","twitter_misc":{"Dur\u00e9e de lecture estim\u00e9e":"1 minute"},"schema":{"@context":"https:\/\/schema.org","@graph":[{"@type":"WebPage","@id":"https:\/\/yucatantravel.epconsulting.mx\/fr\/experience\/362-calzada-de-los-frailes-a-valladolid\/","url":"https:\/\/yucatantravel.epconsulting.mx\/fr\/experience\/362-calzada-de-los-frailes-a-valladolid\/","name":"365 jours au Yucatan - No. 362 Calzada de los Frailes \u00e0 Valladolid","isPartOf":{"@id":"https:\/\/yucatantravel.epconsulting.mx\/#website"},"primaryImageOfPage":{"@id":"https:\/\/yucatantravel.epconsulting.mx\/fr\/experience\/362-calzada-de-los-frailes-a-valladolid\/#primaryimage"},"image":{"@id":"https:\/\/yucatantravel.epconsulting.mx\/fr\/experience\/362-calzada-de-los-frailes-a-valladolid\/#primaryimage"},"thumbnailUrl":"https:\/\/yucatantravel.epconsulting.mx\/wp-content\/uploads\/2022\/03\/Foto-7-Experiencia-calzada-de-los-frailes-en-Valladolid.jpg","datePublished":"2021-01-05T19:00:24+00:00","dateModified":"2024-04-24T02:36:06+00:00","description":"La visite commence \u00e0 la Calzada de los Frailes et permet d'\u00e9couter le r\u00e9cit de l'histoire et du p\u00e8lerinage des fr\u00e8res.","breadcrumb":{"@id":"https:\/\/yucatantravel.epconsulting.mx\/fr\/experience\/362-calzada-de-los-frailes-a-valladolid\/#breadcrumb"},"inLanguage":"fr-FR","potentialAction":[{"@type":"ReadAction","target":["https:\/\/yucatantravel.epconsulting.mx\/fr\/experience\/362-calzada-de-los-frailes-a-valladolid\/"]}]},{"@type":"ImageObject","inLanguage":"fr-FR","@id":"https:\/\/yucatantravel.epconsulting.mx\/fr\/experience\/362-calzada-de-los-frailes-a-valladolid\/#primaryimage","url":"https:\/\/yucatantravel.epconsulting.mx\/wp-content\/uploads\/2022\/03\/Foto-7-Experiencia-calzada-de-los-frailes-en-Valladolid.jpg","contentUrl":"https:\/\/yucatantravel.epconsulting.mx\/wp-content\/uploads\/2022\/03\/Foto-7-Experiencia-calzada-de-los-frailes-en-Valladolid.jpg","width":1920,"height":1440},{"@type":"BreadcrumbList","@id":"https:\/\/yucatantravel.epconsulting.mx\/fr\/experience\/362-calzada-de-los-frailes-a-valladolid\/#breadcrumb","itemListElement":[{"@type":"ListItem","position":1,"name":"Experiencias","item":"https:\/\/yucatantravel.epconsulting.mx\/en\/experience\/"},{"@type":"ListItem","position":2,"name":"No. 362 Calzada de los Frailes \u00e0 Valladolid"}]},{"@type":"WebSite","@id":"https:\/\/yucatantravel.epconsulting.mx\/#website","url":"https:\/\/yucatantravel.epconsulting.mx\/","name":"Yucatan.Travel","description":"Just another WordPress site","potentialAction":[{"@type":"SearchAction","target":{"@type":"EntryPoint","urlTemplate":"https:\/\/yucatantravel.epconsulting.mx\/?s={search_term_string}"},"query-input":{"@type":"PropertyValueSpecification","valueRequired":true,"valueName":"search_term_string"}}],"inLanguage":"fr-FR"}]}},"_links":{"self":[{"href":"https:\/\/yucatantravel.epconsulting.mx\/fr\/wp-json\/wp\/v2\/experiences\/59208","targetHints":{"allow":["GET"]}}],"collection":[{"href":"https:\/\/yucatantravel.epconsulting.mx\/fr\/wp-json\/wp\/v2\/experiences"}],"about":[{"href":"https:\/\/yucatantravel.epconsulting.mx\/fr\/wp-json\/wp\/v2\/types\/experiences"}],"wp:featuredmedia":[{"embeddable":true,"href":"https:\/\/yucatantravel.epconsulting.mx\/fr\/wp-json\/wp\/v2\/media\/28422"}],"wp:attachment":[{"href":"https:\/\/yucatantravel.epconsulting.mx\/fr\/wp-json\/wp\/v2\/media?parent=59208"}],"curies":[{"name":"wp","href":"https:\/\/api.w.org\/{rel}","templated":true}]}}