{"id":59190,"date":"2021-01-06T19:00:14","date_gmt":"2021-01-06T19:00:14","guid":{"rendered":"https:\/\/yucatantravel.epconsulting.mx\/experience\/355-equinoccio-en-chichen-itza\/"},"modified":"2024-04-24T02:27:17","modified_gmt":"2024-04-24T02:27:17","slug":"355-lequinoxe-a-chichen-itza","status":"publish","type":"experiences","link":"https:\/\/yucatantravel.epconsulting.mx\/fr\/experience\/355-lequinoxe-a-chichen-itza\/","title":{"rendered":"No. 355 L&rsquo;\u00e9quinoxe \u00e0 Chichen Itza"},"content":{"rendered":"<p><section class=\"fw-main-row padding-only-desktop\"  >\n\t<div class=\"fw-container\"  style=\"\" id=\"section_17881906361912435815\" data-title=\"Texto experiencia\">\n\t\t<div class=\"fw-row\">\n\t<div class=\"fw-col-xs-12\" style=\"box-sizing:border-box;\">\n\t<p>Le ph\u00e9nom\u00e8ne de l'\u00e9quinoxe \u00e0 Chichen Itza approche. Entre le 20 et le 21 mars, l'\u00e9quinoxe de printemps aura lieu \u00e0 Chich\u00e9n Itz\u00e1, un spectacle d'ombres et de lumi\u00e8res qui attire des milliers de visiteurs de diff\u00e9rents pays.<\/p><p>Au moment o\u00f9 le cr\u00e9puscule commence \u00e0 tomber et o\u00f9 le soleil se rapproche de l'horizon, des ombres sont projet\u00e9es sur l'une des faces de la pyramide principale de Chich\u00e9n Itz\u00e1. Ce prodige de l'architecture pr\u00e9hispanique a \u00e9t\u00e9 r\u00e9alis\u00e9 avec une pr\u00e9cision qui nous surprend encore aujourd'hui.<\/p><p>La pyramide de Kukulcan a \u00e9t\u00e9 construite pour s'aligner avec le soleil juste au moment de l'\u00e9quinoxe, de mani\u00e8re \u00e0 ce qu'une ombre soit projet\u00e9e sur son c\u00f4t\u00e9 nord. Des ombres se dessinent alors, qui ressemblent au corps d'un serpent et symbolisent la descente du dieu Kukulcan, qui vient sur la terre pour la fertiliser en vue de la prochaine saison des r\u00e9coltes.<\/p><\/div><\/div>\n\n\t<\/div>\n<\/section><section class=\"fw-main-row padding-only-desktop\"  >\n\t<div class=\"fw-container\"  style=\"\" id=\"section_1788190636477195655\" data-title=\"Regiones\">\n\t\t<div class=\"fw-row\">\n\t<div class=\"fw-col-xs-12\" style=\"box-sizing:border-box;\">\n\t<div class=\"fw-heading fw-heading-h6 \">\n\t\t<h6 class='fw-special-title title'>R\u00e9gions<\/h6>\t<\/div><\/div><\/div>\n\n<div class=\"fw-row\">\n\t<div class=\"fw-col-xs-12\" style=\"box-sizing:border-box;\">\n\t  <div class=\"link-list\">\n    <a href=\"https:\/\/yucatantravel.epconsulting.mx\/fr\/?post_type=regions&p=2723\">\n                        <i class=\"icon-\"><\/i>\n                Route Puuc et les villages Mayas      <\/a>  <\/div>\n<\/div><\/div>\n\n\t<\/div>\n<\/section><section class=\"fw-main-row \"  >\n\t<div class=\"fw-container\"  style=\"\" id=\"section_17881906361250272650\" data-title=\"Actividades principales\">\n\t\t<div class=\"fw-row\">\n\t<div class=\"fw-col-xs-12\" style=\"box-sizing:border-box;\">\n\t<div class=\"fw-heading fw-heading-h6 \">\n\t\t<h6 class='fw-special-title title'>Principales activit\u00e9s<\/h6>\t<\/div><\/div><\/div>\n\n<div class=\"fw-row\">\n\t<div class=\"fw-col-xs-12\" style=\"box-sizing:border-box;\">\n\t  <div class=\"link-list\">\n    <a href=\"https:\/\/yucatantravel.epconsulting.mx\/fr\/sites-archeologiques\/\">\n                        <i class=\"icon- icon-pyramid\"><\/i>\n                Sites arch\u00e9ologiques       <\/a>  <\/div>\n<\/div><\/div>\n\n\t<\/div>\n<\/section><\/p>\n","protected":false},"excerpt":{"rendered":"<p>Le ph\u00e9nom\u00e8ne de l&rsquo;\u00e9quinoxe \u00e0 Chichen Itza approche. Entre le 20 et le 21 mars, l&rsquo;\u00e9quinoxe de printemps aura lieu \u00e0 Chich\u00e9n Itz\u00e1, un spectacle d&rsquo;ombres et de lumi\u00e8res qui attire des milliers de visiteurs de diff\u00e9rents pays.Au moment o\u00f9 le cr\u00e9puscule commence \u00e0 tomber et o\u00f9 le soleil se rapproche de l&rsquo;horizon, des ombres [&hellip;]<\/p>\n","protected":false},"featured_media":28213,"template":"","class_list":["post-59190","experiences","type-experiences","status-publish","has-post-thumbnail","hentry","exp-category-region-capital-mundo-maya-fr","exp-travels-explorador-fr","exp-activities-zonas-arqueologicas-fr","exp-schedules-night-fr"],"yoast_head":"<!-- This site is optimized with the Yoast SEO plugin v28.3 - https:\/\/yoast.com\/product\/yoast-seo-wordpress\/ -->\n<title>365 jours au Yucatan - No. 355 L&#039;\u00e9quinoxe \u00e0 Chichen Itza<\/title>\n<meta name=\"description\" content=\"Le ph\u00e9nom\u00e8ne de l&#039;\u00e9quinoxe \u00e0 Chich\u00e9n Itz\u00e1 2020 approche. L&#039;\u00e9quinoxe de printemps aura lieu \u00e0 Chich\u00e9n Itz\u00e1 entre le 20 et le 21 mars.\" \/>\n<meta name=\"robots\" content=\"index, follow, max-snippet:-1, max-image-preview:large, max-video-preview:-1\" \/>\n<link rel=\"canonical\" href=\"https:\/\/yucatantravel.epconsulting.mx\/fr\/experience\/355-lequinoxe-a-chichen-itza\/\" \/>\n<meta property=\"og:locale\" content=\"fr_FR\" \/>\n<meta property=\"og:type\" content=\"article\" \/>\n<meta property=\"og:title\" content=\"365 jours au Yucatan - No. 355 L&#039;\u00e9quinoxe \u00e0 Chichen Itza\" \/>\n<meta property=\"og:description\" content=\"Le ph\u00e9nom\u00e8ne de l&#039;\u00e9quinoxe \u00e0 Chich\u00e9n Itz\u00e1 2020 approche. L&#039;\u00e9quinoxe de printemps aura lieu \u00e0 Chich\u00e9n Itz\u00e1 entre le 20 et le 21 mars.\" \/>\n<meta property=\"og:url\" content=\"https:\/\/yucatantravel.epconsulting.mx\/fr\/experience\/355-lequinoxe-a-chichen-itza\/\" \/>\n<meta property=\"og:site_name\" content=\"Yucatan.Travel\" \/>\n<meta property=\"article:modified_time\" content=\"2024-04-24T02:27:17+00:00\" \/>\n<meta property=\"og:image\" content=\"https:\/\/yucatantravel.epconsulting.mx\/wp-content\/uploads\/2022\/03\/Foto-4-Foto-1-Equinoccio-de-Chich\u00e9n-Itz\u00e1.jpg\" \/>\n\t<meta property=\"og:image:width\" content=\"1920\" \/>\n\t<meta property=\"og:image:height\" content=\"1426\" \/>\n\t<meta property=\"og:image:type\" content=\"image\/jpeg\" \/>\n<meta name=\"twitter:card\" content=\"summary_large_image\" \/>\n<meta name=\"twitter:label1\" content=\"Dur\u00e9e de lecture estim\u00e9e\" \/>\n\t<meta name=\"twitter:data1\" content=\"1 minute\" \/>\n<script type=\"application\/ld+json\" class=\"yoast-schema-graph\">{\"@context\":\"https:\\\/\\\/schema.org\",\"@graph\":[{\"@type\":\"WebPage\",\"@id\":\"https:\\\/\\\/yucatantravel.epconsulting.mx\\\/fr\\\/experience\\\/355-lequinoxe-a-chichen-itza\\\/\",\"url\":\"https:\\\/\\\/yucatantravel.epconsulting.mx\\\/fr\\\/experience\\\/355-lequinoxe-a-chichen-itza\\\/\",\"name\":\"365 jours au Yucatan - No. 355 L'\u00e9quinoxe \u00e0 Chichen Itza\",\"isPartOf\":{\"@id\":\"https:\\\/\\\/yucatantravel.epconsulting.mx\\\/#website\"},\"primaryImageOfPage\":{\"@id\":\"https:\\\/\\\/yucatantravel.epconsulting.mx\\\/fr\\\/experience\\\/355-lequinoxe-a-chichen-itza\\\/#primaryimage\"},\"image\":{\"@id\":\"https:\\\/\\\/yucatantravel.epconsulting.mx\\\/fr\\\/experience\\\/355-lequinoxe-a-chichen-itza\\\/#primaryimage\"},\"thumbnailUrl\":\"https:\\\/\\\/yucatantravel.epconsulting.mx\\\/wp-content\\\/uploads\\\/2022\\\/03\\\/Foto-4-Foto-1-Equinoccio-de-Chich\u00e9n-Itz\u00e1.jpg\",\"datePublished\":\"2021-01-06T19:00:14+00:00\",\"dateModified\":\"2024-04-24T02:27:17+00:00\",\"description\":\"Le ph\u00e9nom\u00e8ne de l'\u00e9quinoxe \u00e0 Chich\u00e9n Itz\u00e1 2020 approche. L'\u00e9quinoxe de printemps aura lieu \u00e0 Chich\u00e9n Itz\u00e1 entre le 20 et le 21 mars.\",\"breadcrumb\":{\"@id\":\"https:\\\/\\\/yucatantravel.epconsulting.mx\\\/fr\\\/experience\\\/355-lequinoxe-a-chichen-itza\\\/#breadcrumb\"},\"inLanguage\":\"fr-FR\",\"potentialAction\":[{\"@type\":\"ReadAction\",\"target\":[\"https:\\\/\\\/yucatantravel.epconsulting.mx\\\/fr\\\/experience\\\/355-lequinoxe-a-chichen-itza\\\/\"]}]},{\"@type\":\"ImageObject\",\"inLanguage\":\"fr-FR\",\"@id\":\"https:\\\/\\\/yucatantravel.epconsulting.mx\\\/fr\\\/experience\\\/355-lequinoxe-a-chichen-itza\\\/#primaryimage\",\"url\":\"https:\\\/\\\/yucatantravel.epconsulting.mx\\\/wp-content\\\/uploads\\\/2022\\\/03\\\/Foto-4-Foto-1-Equinoccio-de-Chich\u00e9n-Itz\u00e1.jpg\",\"contentUrl\":\"https:\\\/\\\/yucatantravel.epconsulting.mx\\\/wp-content\\\/uploads\\\/2022\\\/03\\\/Foto-4-Foto-1-Equinoccio-de-Chich\u00e9n-Itz\u00e1.jpg\",\"width\":1920,\"height\":1426},{\"@type\":\"BreadcrumbList\",\"@id\":\"https:\\\/\\\/yucatantravel.epconsulting.mx\\\/fr\\\/experience\\\/355-lequinoxe-a-chichen-itza\\\/#breadcrumb\",\"itemListElement\":[{\"@type\":\"ListItem\",\"position\":1,\"name\":\"Experiencias\",\"item\":\"https:\\\/\\\/yucatantravel.epconsulting.mx\\\/en\\\/experience\\\/\"},{\"@type\":\"ListItem\",\"position\":2,\"name\":\"No. 355 L&#8217;\u00e9quinoxe \u00e0 Chichen Itza\"}]},{\"@type\":\"WebSite\",\"@id\":\"https:\\\/\\\/yucatantravel.epconsulting.mx\\\/#website\",\"url\":\"https:\\\/\\\/yucatantravel.epconsulting.mx\\\/\",\"name\":\"Yucatan.Travel\",\"description\":\"Just another WordPress site\",\"potentialAction\":[{\"@type\":\"SearchAction\",\"target\":{\"@type\":\"EntryPoint\",\"urlTemplate\":\"https:\\\/\\\/yucatantravel.epconsulting.mx\\\/?s={search_term_string}\"},\"query-input\":{\"@type\":\"PropertyValueSpecification\",\"valueRequired\":true,\"valueName\":\"search_term_string\"}}],\"inLanguage\":\"fr-FR\"}]}<\/script>\n<!-- \/ Yoast SEO plugin. -->","yoast_head_json":{"title":"365 jours au Yucatan - No. 355 L'\u00e9quinoxe \u00e0 Chichen Itza","description":"Le ph\u00e9nom\u00e8ne de l'\u00e9quinoxe \u00e0 Chich\u00e9n Itz\u00e1 2020 approche. L'\u00e9quinoxe de printemps aura lieu \u00e0 Chich\u00e9n Itz\u00e1 entre le 20 et le 21 mars.","robots":{"index":"index","follow":"follow","max-snippet":"max-snippet:-1","max-image-preview":"max-image-preview:large","max-video-preview":"max-video-preview:-1"},"canonical":"https:\/\/yucatantravel.epconsulting.mx\/fr\/experience\/355-lequinoxe-a-chichen-itza\/","og_locale":"fr_FR","og_type":"article","og_title":"365 jours au Yucatan - No. 355 L'\u00e9quinoxe \u00e0 Chichen Itza","og_description":"Le ph\u00e9nom\u00e8ne de l'\u00e9quinoxe \u00e0 Chich\u00e9n Itz\u00e1 2020 approche. L'\u00e9quinoxe de printemps aura lieu \u00e0 Chich\u00e9n Itz\u00e1 entre le 20 et le 21 mars.","og_url":"https:\/\/yucatantravel.epconsulting.mx\/fr\/experience\/355-lequinoxe-a-chichen-itza\/","og_site_name":"Yucatan.Travel","article_modified_time":"2024-04-24T02:27:17+00:00","og_image":[{"width":1920,"height":1426,"url":"https:\/\/yucatantravel.epconsulting.mx\/wp-content\/uploads\/2022\/03\/Foto-4-Foto-1-Equinoccio-de-Chich\u00e9n-Itz\u00e1.jpg","type":"image\/jpeg"}],"twitter_card":"summary_large_image","twitter_misc":{"Dur\u00e9e de lecture estim\u00e9e":"1 minute"},"schema":{"@context":"https:\/\/schema.org","@graph":[{"@type":"WebPage","@id":"https:\/\/yucatantravel.epconsulting.mx\/fr\/experience\/355-lequinoxe-a-chichen-itza\/","url":"https:\/\/yucatantravel.epconsulting.mx\/fr\/experience\/355-lequinoxe-a-chichen-itza\/","name":"365 jours au Yucatan - No. 355 L'\u00e9quinoxe \u00e0 Chichen Itza","isPartOf":{"@id":"https:\/\/yucatantravel.epconsulting.mx\/#website"},"primaryImageOfPage":{"@id":"https:\/\/yucatantravel.epconsulting.mx\/fr\/experience\/355-lequinoxe-a-chichen-itza\/#primaryimage"},"image":{"@id":"https:\/\/yucatantravel.epconsulting.mx\/fr\/experience\/355-lequinoxe-a-chichen-itza\/#primaryimage"},"thumbnailUrl":"https:\/\/yucatantravel.epconsulting.mx\/wp-content\/uploads\/2022\/03\/Foto-4-Foto-1-Equinoccio-de-Chich\u00e9n-Itz\u00e1.jpg","datePublished":"2021-01-06T19:00:14+00:00","dateModified":"2024-04-24T02:27:17+00:00","description":"Le ph\u00e9nom\u00e8ne de l'\u00e9quinoxe \u00e0 Chich\u00e9n Itz\u00e1 2020 approche. L'\u00e9quinoxe de printemps aura lieu \u00e0 Chich\u00e9n Itz\u00e1 entre le 20 et le 21 mars.","breadcrumb":{"@id":"https:\/\/yucatantravel.epconsulting.mx\/fr\/experience\/355-lequinoxe-a-chichen-itza\/#breadcrumb"},"inLanguage":"fr-FR","potentialAction":[{"@type":"ReadAction","target":["https:\/\/yucatantravel.epconsulting.mx\/fr\/experience\/355-lequinoxe-a-chichen-itza\/"]}]},{"@type":"ImageObject","inLanguage":"fr-FR","@id":"https:\/\/yucatantravel.epconsulting.mx\/fr\/experience\/355-lequinoxe-a-chichen-itza\/#primaryimage","url":"https:\/\/yucatantravel.epconsulting.mx\/wp-content\/uploads\/2022\/03\/Foto-4-Foto-1-Equinoccio-de-Chich\u00e9n-Itz\u00e1.jpg","contentUrl":"https:\/\/yucatantravel.epconsulting.mx\/wp-content\/uploads\/2022\/03\/Foto-4-Foto-1-Equinoccio-de-Chich\u00e9n-Itz\u00e1.jpg","width":1920,"height":1426},{"@type":"BreadcrumbList","@id":"https:\/\/yucatantravel.epconsulting.mx\/fr\/experience\/355-lequinoxe-a-chichen-itza\/#breadcrumb","itemListElement":[{"@type":"ListItem","position":1,"name":"Experiencias","item":"https:\/\/yucatantravel.epconsulting.mx\/en\/experience\/"},{"@type":"ListItem","position":2,"name":"No. 355 L&#8217;\u00e9quinoxe \u00e0 Chichen Itza"}]},{"@type":"WebSite","@id":"https:\/\/yucatantravel.epconsulting.mx\/#website","url":"https:\/\/yucatantravel.epconsulting.mx\/","name":"Yucatan.Travel","description":"Just another WordPress site","potentialAction":[{"@type":"SearchAction","target":{"@type":"EntryPoint","urlTemplate":"https:\/\/yucatantravel.epconsulting.mx\/?s={search_term_string}"},"query-input":{"@type":"PropertyValueSpecification","valueRequired":true,"valueName":"search_term_string"}}],"inLanguage":"fr-FR"}]}},"_links":{"self":[{"href":"https:\/\/yucatantravel.epconsulting.mx\/fr\/wp-json\/wp\/v2\/experiences\/59190","targetHints":{"allow":["GET"]}}],"collection":[{"href":"https:\/\/yucatantravel.epconsulting.mx\/fr\/wp-json\/wp\/v2\/experiences"}],"about":[{"href":"https:\/\/yucatantravel.epconsulting.mx\/fr\/wp-json\/wp\/v2\/types\/experiences"}],"wp:featuredmedia":[{"embeddable":true,"href":"https:\/\/yucatantravel.epconsulting.mx\/fr\/wp-json\/wp\/v2\/media\/28213"}],"wp:attachment":[{"href":"https:\/\/yucatantravel.epconsulting.mx\/fr\/wp-json\/wp\/v2\/media?parent=59190"}],"curies":[{"name":"wp","href":"https:\/\/api.w.org\/{rel}","templated":true}]}}